{"id":57,"date":"2025-07-08T10:00:57","date_gmt":"2025-07-08T10:00:57","guid":{"rendered":"https:\/\/dev2025.seidenstrasse-winterthur.ch\/?page_id=57"},"modified":"2026-01-14T21:56:52","modified_gmt":"2026-01-14T20:56:52","slug":"willkommen","status":"publish","type":"page","link":"https:\/\/dev2025.seidenstrasse-winterthur.ch\/","title":{"rendered":"Willkommen"},"content":{"rendered":"\t\t<div data-elementor-type=\"wp-page\" data-elementor-id=\"57\" class=\"elementor elementor-57\" data-elementor-post-type=\"page\">\n\t\t\t\t<div class=\"elementor-element elementor-element-1f8a3a0 animated-fast e-flex e-con-boxed e-con e-parent\" data-id=\"1f8a3a0\" data-element_type=\"container\" data-settings=\"{&quot;background_background&quot;:&quot;classic&quot;,&quot;motion_fx_motion_fx_scrolling&quot;:&quot;yes&quot;,&quot;motion_fx_translateY_effect&quot;:&quot;yes&quot;,&quot;motion_fx_translateY_speed&quot;:{&quot;unit&quot;:&quot;px&quot;,&quot;size&quot;:0.5,&quot;sizes&quot;:[]},&quot;animation&quot;:&quot;none&quot;,&quot;motion_fx_translateY_affectedRange&quot;:{&quot;unit&quot;:&quot;%&quot;,&quot;size&quot;:&quot;&quot;,&quot;sizes&quot;:{&quot;start&quot;:0,&quot;end&quot;:100}},&quot;motion_fx_devices&quot;:[&quot;desktop&quot;,&quot;tablet&quot;,&quot;mobile&quot;]}\">\n\t\t\t\t\t<div class=\"e-con-inner\">\n\t\t<div class=\"elementor-element elementor-element-63d67bf e-con-full e-flex e-con e-child\" data-id=\"63d67bf\" data-element_type=\"container\">\n\t\t\t\t<\/div>\n\t\t\t\t\t<\/div>\n\t\t\t\t<\/div>\n\t\t<div class=\"elementor-element elementor-element-96a5e86 e-flex e-con-boxed e-con e-parent\" data-id=\"96a5e86\" data-element_type=\"container\">\n\t\t\t\t\t<div class=\"e-con-inner\">\n\t\t\t\t<div class=\"elementor-element elementor-element-b26f1b3 elementor-widget__width-initial animated-slow elementor-invisible elementor-widget elementor-widget-heading\" data-id=\"b26f1b3\" data-element_type=\"widget\" data-settings=\"{&quot;motion_fx_motion_fx_scrolling&quot;:&quot;yes&quot;,&quot;motion_fx_translateY_effect&quot;:&quot;yes&quot;,&quot;motion_fx_translateY_direction&quot;:&quot;negative&quot;,&quot;motion_fx_translateY_speed&quot;:{&quot;unit&quot;:&quot;px&quot;,&quot;size&quot;:0.5,&quot;sizes&quot;:[]},&quot;motion_fx_translateY_affectedRange&quot;:{&quot;unit&quot;:&quot;%&quot;,&quot;size&quot;:&quot;&quot;,&quot;sizes&quot;:{&quot;start&quot;:22,&quot;end&quot;:91}},&quot;_animation&quot;:&quot;fadeIn&quot;,&quot;_animation_delay&quot;:200,&quot;motion_fx_devices&quot;:[&quot;desktop&quot;,&quot;tablet&quot;,&quot;mobile&quot;]}\" data-widget_type=\"heading.default\">\n\t\t\t\t\t<h2 class=\"elementor-heading-title elementor-size-default\">F\u00fcr aktive Nachbarn im sch\u00f6nsten Quartier von Winterthur<\/h2>\t\t\t\t<\/div>\n\t\t\t\t\t<\/div>\n\t\t\t\t<\/div>\n\t\t<div class=\"elementor-element elementor-element-75054fe e-flex e-con-boxed e-con e-parent\" data-id=\"75054fe\" data-element_type=\"container\" data-settings=\"{&quot;background_background&quot;:&quot;classic&quot;,&quot;shape_divider_bottom&quot;:&quot;curve&quot;}\">\n\t\t\t\t\t<div class=\"e-con-inner\">\n\t\t\t\t<div class=\"elementor-shape elementor-shape-bottom\" aria-hidden=\"true\" data-negative=\"false\">\n\t\t\t<svg xmlns=\"http:\/\/www.w3.org\/2000\/svg\" viewBox=\"0 0 1000 100\" preserveAspectRatio=\"none\">\n    <path class=\"elementor-shape-fill\" d=\"M1000,4.3V0H0v4.3C0.9,23.1,126.7,99.2,500,100S1000,22.7,1000,4.3z\"\/>\n<\/svg>\t\t<\/div>\n\t\t\t\t\t<\/div>\n\t\t\t\t<\/div>\n\t\t<div class=\"elementor-element elementor-element-d114705 e-flex e-con-boxed e-con e-parent\" data-id=\"d114705\" data-element_type=\"container\" data-settings=\"{&quot;background_background&quot;:&quot;classic&quot;}\">\n\t\t\t\t\t<div class=\"e-con-inner\">\n\t\t<div class=\"elementor-element elementor-element-ee82155 e-flex e-con-boxed e-con e-child\" data-id=\"ee82155\" data-element_type=\"container\">\n\t\t\t\t\t<div class=\"e-con-inner\">\n\t\t<div class=\"elementor-element elementor-element-2fe5be2 e-con-full e-flex e-con e-child\" data-id=\"2fe5be2\" data-element_type=\"container\">\n\t\t<div class=\"elementor-element elementor-element-c1ad48b e-con-full e-flex e-con e-child\" data-id=\"c1ad48b\" data-element_type=\"container\">\n\t\t<div class=\"elementor-element elementor-element-5e6ae17 e-con-full e-flex e-con e-child\" data-id=\"5e6ae17\" data-element_type=\"container\">\n\t\t\t\t<div class=\"elementor-element elementor-element-6a0e7f0 animated-slow elementor-invisible elementor-widget elementor-widget-heading\" data-id=\"6a0e7f0\" data-element_type=\"widget\" data-settings=\"{&quot;_animation&quot;:&quot;fadeIn&quot;}\" data-widget_type=\"heading.default\">\n\t\t\t\t\t<h2 class=\"elementor-heading-title elementor-size-default\">Unser Aktivit\u00e4ten:<\/h2>\t\t\t\t<\/div>\n\t\t<a class=\"elementor-element elementor-element-2189295 e-con-full e-flex elementor-invisible e-con e-child\" data-id=\"2189295\" data-element_type=\"container\" data-settings=\"{&quot;background_background&quot;:&quot;classic&quot;,&quot;animation&quot;:&quot;fadeIn&quot;}\" href=\"https:\/\/dev2025.seidenstrasse-winterthur.ch\/?page_id=793\/#Neujahrs-Apero\">\n\t\t\t\t<div class=\"elementor-element elementor-element-7290e6b elementor-widget elementor-widget-heading\" data-id=\"7290e6b\" data-element_type=\"widget\" data-widget_type=\"heading.default\">\n\t\t\t\t\t<h2 class=\"elementor-heading-title elementor-size-default\">Neujahrs-Ap\u00e9ro<\/h2>\t\t\t\t<\/div>\n\t\t<div class=\"elementor-element elementor-element-8176a01 e-con-full e-flex e-con e-child\" data-id=\"8176a01\" data-element_type=\"container\">\n\t\t<div class=\"elementor-element elementor-element-b32e8b9 e-con-full e-flex e-con e-child\" data-id=\"b32e8b9\" data-element_type=\"container\">\n\t\t\t\t<div class=\"elementor-element elementor-element-416a556 elementor-widget elementor-widget-text-editor\" data-id=\"416a556\" data-element_type=\"widget\" data-widget_type=\"text-editor.default\">\n\t\t\t\t\t\t\t\t\t<p>Freitag, 16.01.2026<\/p>\t\t\t\t\t\t\t\t<\/div>\n\t\t\t\t<div class=\"elementor-element elementor-element-4039e0f elementor-widget elementor-widget-text-editor\" data-id=\"4039e0f\" data-element_type=\"widget\" data-widget_type=\"text-editor.default\">\n\t\t\t\t\t\t\t\t\t<p>19:00 bis 21.00 Uhr<\/p>\t\t\t\t\t\t\t\t<\/div>\n\t\t\t\t<\/div>\n\t\t<div class=\"elementor-element elementor-element-4ad9b13 e-con-full e-flex e-con e-child\" data-id=\"4ad9b13\" data-element_type=\"container\">\n\t\t\t\t<div class=\"elementor-element elementor-element-8d30414 elementor-widget elementor-widget-image\" data-id=\"8d30414\" data-element_type=\"widget\" data-widget_type=\"image.default\">\n\t\t\t\t\t\t\t\t\t\t\t\t\t\t\t<img fetchpriority=\"high\" decoding=\"async\" width=\"800\" height=\"477\" src=\"https:\/\/dev2025.seidenstrasse-winterthur.ch\/wp-content\/uploads\/2025\/11\/Pfeil02.svg\" class=\"attachment-large size-large wp-image-1609\" alt=\"\" \/>\t\t\t\t\t\t\t\t\t\t\t\t\t\t\t<\/div>\n\t\t\t\t<\/div>\n\t\t\t\t<\/div>\n\t\t\t\t<\/a>\n\t\t<a class=\"elementor-element elementor-element-030b84c e-con-full e-flex elementor-invisible e-con e-child\" data-id=\"030b84c\" data-element_type=\"container\" data-settings=\"{&quot;background_background&quot;:&quot;classic&quot;,&quot;animation&quot;:&quot;fadeIn&quot;}\" href=\"https:\/\/dev2025.seidenstrasse-winterthur.ch\/?page_id=793\/#Generalversammlung\" kaffekuchen=\"\">\n\t\t\t\t<div class=\"elementor-element elementor-element-6765a4e elementor-widget elementor-widget-heading\" data-id=\"6765a4e\" data-element_type=\"widget\" data-widget_type=\"heading.default\">\n\t\t\t\t\t<h2 class=\"elementor-heading-title elementor-size-default\">Generalversammlung <\/h2>\t\t\t\t<\/div>\n\t\t<div class=\"elementor-element elementor-element-c581ea3 e-con-full e-flex e-con e-child\" data-id=\"c581ea3\" data-element_type=\"container\">\n\t\t<div class=\"elementor-element elementor-element-1318155 e-con-full e-flex e-con e-child\" data-id=\"1318155\" data-element_type=\"container\">\n\t\t\t\t<div class=\"elementor-element elementor-element-2eee1dd elementor-widget elementor-widget-text-editor\" data-id=\"2eee1dd\" data-element_type=\"widget\" data-widget_type=\"text-editor.default\">\n\t\t\t\t\t\t\t\t\t<p>Freitag, 19.06.2026<\/p>\t\t\t\t\t\t\t\t<\/div>\n\t\t\t\t<div class=\"elementor-element elementor-element-69f800b elementor-widget elementor-widget-text-editor\" data-id=\"69f800b\" data-element_type=\"widget\" data-widget_type=\"text-editor.default\">\n\t\t\t\t\t\t\t\t\t<p>19:00 bis 21.00 Uhr<\/p>\t\t\t\t\t\t\t\t<\/div>\n\t\t\t\t<\/div>\n\t\t<div class=\"elementor-element elementor-element-22e0e9e e-con-full e-flex e-con e-child\" data-id=\"22e0e9e\" data-element_type=\"container\">\n\t\t\t\t<div class=\"elementor-element elementor-element-9bfa72e elementor-widget elementor-widget-image\" data-id=\"9bfa72e\" data-element_type=\"widget\" data-widget_type=\"image.default\">\n\t\t\t\t\t\t\t\t\t\t\t\t\t\t\t<img fetchpriority=\"high\" decoding=\"async\" width=\"800\" height=\"477\" src=\"https:\/\/dev2025.seidenstrasse-winterthur.ch\/wp-content\/uploads\/2025\/11\/Pfeil02.svg\" class=\"attachment-large size-large wp-image-1609\" alt=\"\" \/>\t\t\t\t\t\t\t\t\t\t\t\t\t\t\t<\/div>\n\t\t\t\t<\/div>\n\t\t\t\t<\/div>\n\t\t\t\t<\/a>\n\t\t<a class=\"elementor-element elementor-element-b3ebb21 e-con-full e-flex elementor-invisible e-con e-child\" data-id=\"b3ebb21\" data-element_type=\"container\" data-settings=\"{&quot;background_background&quot;:&quot;classic&quot;,&quot;animation&quot;:&quot;fadeIn&quot;}\" href=\"https:\/\/dev2025.seidenstrasse-winterthur.ch\/?page_id=793\/#Sommerfest\" kaffekuchen=\"\">\n\t\t\t\t<div class=\"elementor-element elementor-element-c539c5c elementor-widget elementor-widget-heading\" data-id=\"c539c5c\" data-element_type=\"widget\" data-widget_type=\"heading.default\">\n\t\t\t\t\t<h2 class=\"elementor-heading-title elementor-size-default\">Sommerfest <\/h2>\t\t\t\t<\/div>\n\t\t<div class=\"elementor-element elementor-element-fe0554b e-con-full e-flex e-con e-child\" data-id=\"fe0554b\" data-element_type=\"container\">\n\t\t<div class=\"elementor-element elementor-element-5b8cfeb e-con-full e-flex e-con e-child\" data-id=\"5b8cfeb\" data-element_type=\"container\">\n\t\t\t\t<div class=\"elementor-element elementor-element-37ede55 elementor-widget elementor-widget-text-editor\" data-id=\"37ede55\" data-element_type=\"widget\" data-widget_type=\"text-editor.default\">\n\t\t\t\t\t\t\t\t\t<p>Samstag, 22.08.2026<\/p>\t\t\t\t\t\t\t\t<\/div>\n\t\t\t\t<div class=\"elementor-element elementor-element-f20258a elementor-widget elementor-widget-text-editor\" data-id=\"f20258a\" data-element_type=\"widget\" data-widget_type=\"text-editor.default\">\n\t\t\t\t\t\t\t\t\t<p>18:00 bis 21.00 Uhr<\/p>\t\t\t\t\t\t\t\t<\/div>\n\t\t\t\t<\/div>\n\t\t<div class=\"elementor-element elementor-element-044d0d8 e-con-full e-flex e-con e-child\" data-id=\"044d0d8\" data-element_type=\"container\">\n\t\t\t\t<div class=\"elementor-element elementor-element-a56781c elementor-widget elementor-widget-image\" data-id=\"a56781c\" data-element_type=\"widget\" data-widget_type=\"image.default\">\n\t\t\t\t\t\t\t\t\t\t\t\t\t\t\t<img fetchpriority=\"high\" decoding=\"async\" width=\"800\" height=\"477\" src=\"https:\/\/dev2025.seidenstrasse-winterthur.ch\/wp-content\/uploads\/2025\/11\/Pfeil02.svg\" class=\"attachment-large size-large wp-image-1609\" alt=\"\" \/>\t\t\t\t\t\t\t\t\t\t\t\t\t\t\t<\/div>\n\t\t\t\t<\/div>\n\t\t\t\t<\/div>\n\t\t\t\t<\/a>\n\t\t<a class=\"elementor-element elementor-element-0d0c80a e-con-full e-flex elementor-invisible e-con e-child\" data-id=\"0d0c80a\" data-element_type=\"container\" data-settings=\"{&quot;background_background&quot;:&quot;classic&quot;,&quot;animation&quot;:&quot;fadeIn&quot;}\" href=\"https:\/\/dev2025.seidenstrasse-winterthur.ch\/?page_id=793\/#Torggelen\" kaffekuchen=\"\">\n\t\t\t\t<div class=\"elementor-element elementor-element-52c1e98 elementor-widget elementor-widget-heading\" data-id=\"52c1e98\" data-element_type=\"widget\" data-widget_type=\"heading.default\">\n\t\t\t\t\t<h2 class=\"elementor-heading-title elementor-size-default\">T\u00f6rggelen<\/h2>\t\t\t\t<\/div>\n\t\t<div class=\"elementor-element elementor-element-96078df e-con-full e-flex e-con e-child\" data-id=\"96078df\" data-element_type=\"container\">\n\t\t<div class=\"elementor-element elementor-element-8926d63 e-con-full e-flex e-con e-child\" data-id=\"8926d63\" data-element_type=\"container\">\n\t\t\t\t<div class=\"elementor-element elementor-element-0966959 elementor-widget elementor-widget-text-editor\" data-id=\"0966959\" data-element_type=\"widget\" data-widget_type=\"text-editor.default\">\n\t\t\t\t\t\t\t\t\t<p>Donnerstag, 01.10.2026<\/p>\t\t\t\t\t\t\t\t<\/div>\n\t\t\t\t<div class=\"elementor-element elementor-element-792640f elementor-widget elementor-widget-text-editor\" data-id=\"792640f\" data-element_type=\"widget\" data-widget_type=\"text-editor.default\">\n\t\t\t\t\t\t\t\t\t<p>18:00 bis 21.00 Uhr<\/p>\t\t\t\t\t\t\t\t<\/div>\n\t\t\t\t<\/div>\n\t\t<div class=\"elementor-element elementor-element-bfd45d0 e-con-full e-flex e-con e-child\" data-id=\"bfd45d0\" data-element_type=\"container\">\n\t\t\t\t<div class=\"elementor-element elementor-element-cac5a17 elementor-widget elementor-widget-image\" data-id=\"cac5a17\" data-element_type=\"widget\" data-widget_type=\"image.default\">\n\t\t\t\t\t\t\t\t\t\t\t\t\t\t\t<img fetchpriority=\"high\" decoding=\"async\" width=\"800\" height=\"477\" src=\"https:\/\/dev2025.seidenstrasse-winterthur.ch\/wp-content\/uploads\/2025\/11\/Pfeil02.svg\" class=\"attachment-large size-large wp-image-1609\" alt=\"\" \/>\t\t\t\t\t\t\t\t\t\t\t\t\t\t\t<\/div>\n\t\t\t\t<\/div>\n\t\t\t\t<\/div>\n\t\t\t\t<\/a>\n\t\t<a class=\"elementor-element elementor-element-6dc5f7e e-con-full elementor-hidden-desktop elementor-hidden-tablet elementor-hidden-mobile e-flex elementor-invisible e-con e-child\" data-id=\"6dc5f7e\" data-element_type=\"container\" data-settings=\"{&quot;background_background&quot;:&quot;classic&quot;,&quot;animation&quot;:&quot;fadeIn&quot;}\" href=\"https:\/\/dev2025.seidenstrasse-winterthur.ch\/?page_id=793\" kaffekuchen=\"\">\n\t\t\t\t<div class=\"elementor-element elementor-element-43714fc elementor-widget elementor-widget-heading\" data-id=\"43714fc\" data-element_type=\"widget\" data-widget_type=\"heading.default\">\n\t\t\t\t\t<h2 class=\"elementor-heading-title elementor-size-default\">Kerzenziehen<\/h2>\t\t\t\t<\/div>\n\t\t<div class=\"elementor-element elementor-element-224768c e-con-full e-flex e-con e-child\" data-id=\"224768c\" data-element_type=\"container\">\n\t\t<div class=\"elementor-element elementor-element-a0c665b e-con-full e-flex e-con e-child\" data-id=\"a0c665b\" data-element_type=\"container\">\n\t\t\t\t<div class=\"elementor-element elementor-element-54cf153 elementor-widget elementor-widget-text-editor\" data-id=\"54cf153\" data-element_type=\"widget\" data-widget_type=\"text-editor.default\">\n\t\t\t\t\t\t\t\t\t<p>Donnerstag, 13.11.2025<\/p>\t\t\t\t\t\t\t\t<\/div>\n\t\t\t\t<div class=\"elementor-element elementor-element-ddd0887 elementor-widget elementor-widget-text-editor\" data-id=\"ddd0887\" data-element_type=\"widget\" data-widget_type=\"text-editor.default\">\n\t\t\t\t\t\t\t\t\t<p>Ab 18.30 bis 21.00 Uhr<\/p>\t\t\t\t\t\t\t\t<\/div>\n\t\t\t\t<\/div>\n\t\t<div class=\"elementor-element elementor-element-b02d366 e-con-full e-flex e-con e-child\" data-id=\"b02d366\" data-element_type=\"container\">\n\t\t\t\t<div class=\"elementor-element elementor-element-04d45de elementor-widget elementor-widget-image\" data-id=\"04d45de\" data-element_type=\"widget\" data-widget_type=\"image.default\">\n\t\t\t\t\t\t\t\t\t\t\t\t\t\t\t<img fetchpriority=\"high\" decoding=\"async\" width=\"800\" height=\"477\" src=\"https:\/\/dev2025.seidenstrasse-winterthur.ch\/wp-content\/uploads\/2025\/11\/Pfeil02.svg\" class=\"attachment-large size-large wp-image-1609\" alt=\"\" \/>\t\t\t\t\t\t\t\t\t\t\t\t\t\t\t<\/div>\n\t\t\t\t<\/div>\n\t\t\t\t<\/div>\n\t\t\t\t<\/a>\n\t\t<a class=\"elementor-element elementor-element-a860713 e-con-full e-flex elementor-invisible e-con e-child\" data-id=\"a860713\" data-element_type=\"container\" data-settings=\"{&quot;background_background&quot;:&quot;classic&quot;,&quot;animation&quot;:&quot;fadeIn&quot;}\" href=\"https:\/\/dev2025.seidenstrasse-winterthur.ch\/?page_id=793\/#Mittagstisch\" mittagstisch=\"\">\n\t\t\t\t<div class=\"elementor-element elementor-element-d432746 elementor-widget elementor-widget-heading\" data-id=\"d432746\" data-element_type=\"widget\" data-widget_type=\"heading.default\">\n\t\t\t\t\t<h2 class=\"elementor-heading-title elementor-size-default\">Mittagstisch im Bloom<\/h2>\t\t\t\t<\/div>\n\t\t<div class=\"elementor-element elementor-element-b58280d e-con-full e-flex e-con e-child\" data-id=\"b58280d\" data-element_type=\"container\">\n\t\t<div class=\"elementor-element elementor-element-06c4ed8 e-con-full e-flex e-con e-child\" data-id=\"06c4ed8\" data-element_type=\"container\">\n\t\t\t\t<div class=\"elementor-element elementor-element-c6f69cf elementor-widget elementor-widget-text-editor\" data-id=\"c6f69cf\" data-element_type=\"widget\" data-widget_type=\"text-editor.default\">\n\t\t\t\t\t\t\t\t\t<p>Jeweils am letzten Mittwoch im Monat<\/p>\t\t\t\t\t\t\t\t<\/div>\n\t\t\t\t<div class=\"elementor-element elementor-element-88ee264 elementor-widget elementor-widget-text-editor\" data-id=\"88ee264\" data-element_type=\"widget\" data-widget_type=\"text-editor.default\">\n\t\t\t\t\t\t\t\t\t<p>Ab 11:30Uhr<\/p>\t\t\t\t\t\t\t\t<\/div>\n\t\t\t\t<\/div>\n\t\t<div class=\"elementor-element elementor-element-3394544 e-con-full e-flex e-con e-child\" data-id=\"3394544\" data-element_type=\"container\">\n\t\t\t\t<div class=\"elementor-element elementor-element-09d9097 elementor-widget elementor-widget-image\" data-id=\"09d9097\" data-element_type=\"widget\" data-widget_type=\"image.default\">\n\t\t\t\t\t\t\t\t\t\t\t\t\t\t\t<img fetchpriority=\"high\" decoding=\"async\" width=\"800\" height=\"477\" src=\"https:\/\/dev2025.seidenstrasse-winterthur.ch\/wp-content\/uploads\/2025\/11\/Pfeil02.svg\" class=\"attachment-large size-large wp-image-1609\" alt=\"\" \/>\t\t\t\t\t\t\t\t\t\t\t\t\t\t\t<\/div>\n\t\t\t\t<\/div>\n\t\t\t\t<\/div>\n\t\t\t\t<\/a>\n\t\t\t\t<\/div>\n\t\t<div class=\"elementor-element elementor-element-8913ce8 e-con-full e-flex e-con e-child\" data-id=\"8913ce8\" data-element_type=\"container\" data-settings=\"{&quot;motion_fx_motion_fx_scrolling&quot;:&quot;yes&quot;,&quot;motion_fx_devices&quot;:[&quot;desktop&quot;,&quot;tablet&quot;,&quot;mobile&quot;]}\">\n\t\t\t\t<div class=\"elementor-element elementor-element-b6b16a3 elementor-invisible elementor-widget elementor-widget-image\" data-id=\"b6b16a3\" data-element_type=\"widget\" data-settings=\"{&quot;motion_fx_motion_fx_scrolling&quot;:&quot;yes&quot;,&quot;motion_fx_translateY_direction&quot;:&quot;negative&quot;,&quot;motion_fx_translateY_speed&quot;:{&quot;unit&quot;:&quot;px&quot;,&quot;size&quot;:0.5,&quot;sizes&quot;:[]},&quot;_animation&quot;:&quot;fadeIn&quot;,&quot;_animation_delay&quot;:200,&quot;motion_fx_devices&quot;:[&quot;desktop&quot;],&quot;motion_fx_translateY_effect&quot;:&quot;yes&quot;,&quot;motion_fx_opacity_effect&quot;:&quot;yes&quot;,&quot;motion_fx_opacity_range&quot;:{&quot;unit&quot;:&quot;%&quot;,&quot;size&quot;:&quot;&quot;,&quot;sizes&quot;:{&quot;start&quot;:0,&quot;end&quot;:58}},&quot;motion_fx_translateY_affectedRange&quot;:{&quot;unit&quot;:&quot;%&quot;,&quot;size&quot;:&quot;&quot;,&quot;sizes&quot;:{&quot;start&quot;:0,&quot;end&quot;:100}},&quot;motion_fx_opacity_direction&quot;:&quot;out-in&quot;,&quot;motion_fx_opacity_level&quot;:{&quot;unit&quot;:&quot;px&quot;,&quot;size&quot;:10,&quot;sizes&quot;:[]}}\" data-widget_type=\"image.default\">\n\t\t\t\t\t\t\t\t\t\t\t\t\t\t\t<img decoding=\"async\" width=\"800\" height=\"635\" src=\"https:\/\/dev2025.seidenstrasse-winterthur.ch\/wp-content\/uploads\/2025\/07\/Strassen-Grafik-DunkelGruen.svg\" class=\"attachment-large size-large wp-image-154\" alt=\"\" \/>\t\t\t\t\t\t\t\t\t\t\t\t\t\t\t<\/div>\n\t\t\t\t<\/div>\n\t\t\t\t<\/div>\n\t\t\t\t<\/div>\n\t\t\t\t\t<\/div>\n\t\t\t\t<\/div>\n\t\t\t\t\t<\/div>\n\t\t\t\t<\/div>\n\t\t<div class=\"elementor-element elementor-element-e0a9a14 e-flex e-con-boxed e-con e-parent\" data-id=\"e0a9a14\" data-element_type=\"container\" data-settings=\"{&quot;background_background&quot;:&quot;classic&quot;}\">\n\t\t\t\t\t<div class=\"e-con-inner\">\n\t\t<div class=\"elementor-element elementor-element-bceff9f e-con-full animated-fast e-flex elementor-invisible e-con e-child\" data-id=\"bceff9f\" data-element_type=\"container\" data-settings=\"{&quot;animation&quot;:&quot;fadeIn&quot;}\">\n\t\t\t\t<div class=\"elementor-element elementor-element-320c898 elementor-widget elementor-widget-text-editor\" data-id=\"320c898\" data-element_type=\"widget\" data-settings=\"{&quot;motion_fx_motion_fx_scrolling&quot;:&quot;yes&quot;,&quot;motion_fx_translateY_effect&quot;:&quot;yes&quot;,&quot;motion_fx_translateY_direction&quot;:&quot;negative&quot;,&quot;motion_fx_translateY_speed&quot;:{&quot;unit&quot;:&quot;px&quot;,&quot;size&quot;:1.5,&quot;sizes&quot;:[]},&quot;motion_fx_translateY_affectedRange&quot;:{&quot;unit&quot;:&quot;%&quot;,&quot;size&quot;:&quot;&quot;,&quot;sizes&quot;:{&quot;start&quot;:33,&quot;end&quot;:100}},&quot;motion_fx_devices&quot;:[&quot;desktop&quot;]}\" data-widget_type=\"text-editor.default\">\n\t\t\t\t\t\t\t\t\t<p>Viel Raum.<br \/>Viel Gr\u00fcn.<br \/>Viel Gemeinsam.<\/p>\t\t\t\t\t\t\t\t<\/div>\n\t\t\t\t<div class=\"elementor-element elementor-element-b256626 elementor-widget__width-initial elementor-widget elementor-widget-gallery\" data-id=\"b256626\" data-element_type=\"widget\" data-settings=\"{&quot;gap&quot;:{&quot;unit&quot;:&quot;px&quot;,&quot;size&quot;:0,&quot;sizes&quot;:[]},&quot;gap_mobile&quot;:{&quot;unit&quot;:&quot;px&quot;,&quot;size&quot;:0,&quot;sizes&quot;:[]},&quot;gap_tablet&quot;:{&quot;unit&quot;:&quot;px&quot;,&quot;size&quot;:0,&quot;sizes&quot;:[]},&quot;lazyload&quot;:&quot;yes&quot;,&quot;gallery_layout&quot;:&quot;grid&quot;,&quot;columns&quot;:4,&quot;columns_tablet&quot;:2,&quot;columns_mobile&quot;:1,&quot;aspect_ratio&quot;:&quot;3:2&quot;}\" data-widget_type=\"gallery.default\">\n\t\t\t\t\t\t\t<div class=\"elementor-gallery__container\">\n\t\t\t\t\t\t\t<div class=\"e-gallery-item elementor-gallery-item\">\n\t\t\t\t\t<div class=\"e-gallery-image elementor-gallery-item__image\" data-thumbnail=\"https:\/\/dev2025.seidenstrasse-winterthur.ch\/wp-content\/uploads\/2025\/12\/b1cdbab3-c971-41e2-8dab-3b0ef1674547-768x576.jpg\" data-width=\"768\" data-height=\"576\" aria-label=\"\" role=\"img\" ><\/div>\n\t\t\t\t\t\t\t\t\t\t\t\t\t\t<\/div>\n\t\t\t\t\t\t\t<div class=\"e-gallery-item elementor-gallery-item\">\n\t\t\t\t\t<div class=\"e-gallery-image elementor-gallery-item__image\" data-thumbnail=\"https:\/\/dev2025.seidenstrasse-winterthur.ch\/wp-content\/uploads\/2025\/12\/fe2012ee-fdfb-4ad5-88b0-9b48b9bef076-768x576.jpg\" data-width=\"768\" data-height=\"576\" aria-label=\"\" role=\"img\" ><\/div>\n\t\t\t\t\t\t\t\t\t\t\t\t\t\t<\/div>\n\t\t\t\t\t\t\t<div class=\"e-gallery-item elementor-gallery-item\">\n\t\t\t\t\t<div class=\"e-gallery-image elementor-gallery-item__image\" data-thumbnail=\"https:\/\/dev2025.seidenstrasse-winterthur.ch\/wp-content\/uploads\/2025\/12\/6d68ca46-1866-4112-b46c-67e5be074fe6-768x1024.jpeg\" data-width=\"768\" data-height=\"1024\" aria-label=\"\" role=\"img\" ><\/div>\n\t\t\t\t\t\t\t\t\t\t\t\t\t\t<\/div>\n\t\t\t\t\t\t\t<div class=\"e-gallery-item elementor-gallery-item\">\n\t\t\t\t\t<div class=\"e-gallery-image elementor-gallery-item__image\" data-thumbnail=\"https:\/\/dev2025.seidenstrasse-winterthur.ch\/wp-content\/uploads\/2025\/12\/26d374bf-11f3-4611-95b4-cfa96f9e6a5c-768x576.jpg\" data-width=\"768\" data-height=\"576\" aria-label=\"\" role=\"img\" ><\/div>\n\t\t\t\t\t\t\t\t\t\t\t\t\t\t<\/div>\n\t\t\t\t\t\t\t<div class=\"e-gallery-item elementor-gallery-item\">\n\t\t\t\t\t<div class=\"e-gallery-image elementor-gallery-item__image\" data-thumbnail=\"https:\/\/dev2025.seidenstrasse-winterthur.ch\/wp-content\/uploads\/2025\/12\/926008b0-0e33-491c-9d31-23d36095a488-768x1024.jpg\" data-width=\"768\" data-height=\"1024\" aria-label=\"\" role=\"img\" ><\/div>\n\t\t\t\t\t\t\t\t\t\t\t\t\t\t<\/div>\n\t\t\t\t\t\t\t<div class=\"e-gallery-item elementor-gallery-item\">\n\t\t\t\t\t<div class=\"e-gallery-image elementor-gallery-item__image\" data-thumbnail=\"https:\/\/dev2025.seidenstrasse-winterthur.ch\/wp-content\/uploads\/2025\/12\/4288103c-bad1-48c0-af1f-5494ba8bd3ee-768x1024.jpg\" data-width=\"768\" data-height=\"1024\" aria-label=\"\" role=\"img\" ><\/div>\n\t\t\t\t\t\t\t\t\t\t\t\t\t\t<\/div>\n\t\t\t\t\t\t\t<div class=\"e-gallery-item elementor-gallery-item\">\n\t\t\t\t\t<div class=\"e-gallery-image elementor-gallery-item__image\" data-thumbnail=\"https:\/\/dev2025.seidenstrasse-winterthur.ch\/wp-content\/uploads\/2025\/12\/a77c1344-6bf5-4552-9568-bec2955c04de-768x576.jpg\" data-width=\"768\" data-height=\"576\" aria-label=\"\" role=\"img\" ><\/div>\n\t\t\t\t\t\t\t\t\t\t\t\t\t\t<\/div>\n\t\t\t\t\t\t\t<div class=\"e-gallery-item elementor-gallery-item\">\n\t\t\t\t\t<div class=\"e-gallery-image elementor-gallery-item__image\" data-thumbnail=\"https:\/\/dev2025.seidenstrasse-winterthur.ch\/wp-content\/uploads\/2025\/12\/f9df7182-1a60-402b-89a8-129223c2334b-768x576.jpeg\" data-width=\"768\" data-height=\"576\" aria-label=\"\" role=\"img\" ><\/div>\n\t\t\t\t\t\t\t\t\t\t\t\t\t\t<\/div>\n\t\t\t\t\t\t\t<div class=\"e-gallery-item elementor-gallery-item\">\n\t\t\t\t\t<div class=\"e-gallery-image elementor-gallery-item__image\" data-thumbnail=\"https:\/\/dev2025.seidenstrasse-winterthur.ch\/wp-content\/uploads\/2025\/12\/f7e0a237-331d-4b50-9225-a08947b99206-768x576.jpg\" data-width=\"768\" data-height=\"576\" aria-label=\"\" role=\"img\" ><\/div>\n\t\t\t\t\t\t\t\t\t\t\t\t\t\t<\/div>\n\t\t\t\t\t\t\t<div class=\"e-gallery-item elementor-gallery-item\">\n\t\t\t\t\t<div class=\"e-gallery-image elementor-gallery-item__image\" data-thumbnail=\"https:\/\/dev2025.seidenstrasse-winterthur.ch\/wp-content\/uploads\/2025\/12\/4541a54d-b922-4c88-a164-93248c89e731-768x576.jpeg\" data-width=\"768\" data-height=\"576\" aria-label=\"\" role=\"img\" ><\/div>\n\t\t\t\t\t\t\t\t\t\t\t\t\t\t<\/div>\n\t\t\t\t\t\t\t<div class=\"e-gallery-item elementor-gallery-item\">\n\t\t\t\t\t<div class=\"e-gallery-image elementor-gallery-item__image\" data-thumbnail=\"https:\/\/dev2025.seidenstrasse-winterthur.ch\/wp-content\/uploads\/2025\/12\/eff63af4-d5ad-4cb0-bfb7-f6bb5f1b880e-768x576.jpeg\" data-width=\"768\" data-height=\"576\" aria-label=\"\" role=\"img\" ><\/div>\n\t\t\t\t\t\t\t\t\t\t\t\t\t\t<\/div>\n\t\t\t\t\t\t\t<div class=\"e-gallery-item elementor-gallery-item\">\n\t\t\t\t\t<div class=\"e-gallery-image elementor-gallery-item__image\" data-thumbnail=\"https:\/\/dev2025.seidenstrasse-winterthur.ch\/wp-content\/uploads\/2025\/12\/3a00e64c-ed92-48bc-9805-569f561001ab-768x576.jpg\" data-width=\"768\" data-height=\"576\" aria-label=\"\" role=\"img\" ><\/div>\n\t\t\t\t\t\t\t\t\t\t\t\t\t\t<\/div>\n\t\t\t\t\t\t\t<div class=\"e-gallery-item elementor-gallery-item\">\n\t\t\t\t\t<div class=\"e-gallery-image elementor-gallery-item__image\" data-thumbnail=\"https:\/\/dev2025.seidenstrasse-winterthur.ch\/wp-content\/uploads\/2025\/12\/64ec838d-7fd3-425b-91c4-0f46bc3af751-768x576.jpg\" data-width=\"768\" data-height=\"576\" aria-label=\"\" role=\"img\" ><\/div>\n\t\t\t\t\t\t\t\t\t\t\t\t\t\t<\/div>\n\t\t\t\t\t\t\t<div class=\"e-gallery-item elementor-gallery-item\">\n\t\t\t\t\t<div class=\"e-gallery-image elementor-gallery-item__image\" data-thumbnail=\"https:\/\/dev2025.seidenstrasse-winterthur.ch\/wp-content\/uploads\/2025\/12\/45b36c91-3617-4c8f-aa0d-bc69858f81a3-768x1024.jpeg\" data-width=\"768\" data-height=\"1024\" aria-label=\"\" role=\"img\" ><\/div>\n\t\t\t\t\t\t\t\t\t\t\t\t\t\t<\/div>\n\t\t\t\t\t\t\t<div class=\"e-gallery-item elementor-gallery-item\">\n\t\t\t\t\t<div class=\"e-gallery-image elementor-gallery-item__image\" data-thumbnail=\"https:\/\/dev2025.seidenstrasse-winterthur.ch\/wp-content\/uploads\/2025\/12\/3825c9dc-6da1-4d92-9e03-5d0c74cb8731-768x1024.jpg\" data-width=\"768\" data-height=\"1024\" aria-label=\"\" role=\"img\" ><\/div>\n\t\t\t\t\t\t\t\t\t\t\t\t\t\t<\/div>\n\t\t\t\t\t\t\t<div class=\"e-gallery-item elementor-gallery-item\">\n\t\t\t\t\t<div class=\"e-gallery-image elementor-gallery-item__image\" data-thumbnail=\"https:\/\/dev2025.seidenstrasse-winterthur.ch\/wp-content\/uploads\/2025\/12\/869f6c71-d1c4-4822-b6ac-eb797453b7d8-768x1024.jpeg\" data-width=\"768\" data-height=\"1024\" aria-label=\"\" role=\"img\" ><\/div>\n\t\t\t\t\t\t\t\t\t\t\t\t\t\t<\/div>\n\t\t\t\t\t<\/div>\n\t\t\t\t\t<\/div>\n\t\t\t\t<div class=\"elementor-element elementor-element-63ded10 elementor-align-right elementor-widget elementor-widget-button\" data-id=\"63ded10\" data-element_type=\"widget\" data-widget_type=\"button.default\">\n\t\t\t\t\t\t\t\t\t\t<a class=\"elementor-button elementor-button-link elementor-size-sm\" href=\"https:\/\/dev2025.seidenstrasse-winterthur.ch\/?page_id=529\">\n\t\t\t\t\t\t<span class=\"elementor-button-content-wrapper\">\n\t\t\t\t\t\t\t\t\t<span class=\"elementor-button-text\">Zur den Galerien<\/span>\n\t\t\t\t\t<\/span>\n\t\t\t\t\t<\/a>\n\t\t\t\t\t\t\t\t<\/div>\n\t\t\t\t<\/div>\n\t\t\t\t\t<\/div>\n\t\t\t\t<\/div>\n\t\t<div class=\"elementor-element elementor-element-d00fc66 animated-slow e-flex e-con-boxed elementor-invisible e-con e-parent\" data-id=\"d00fc66\" data-element_type=\"container\" data-settings=\"{&quot;background_background&quot;:&quot;classic&quot;,&quot;animation_mobile&quot;:&quot;fadeIn&quot;,&quot;animation&quot;:&quot;fadeIn&quot;,&quot;motion_fx_motion_fx_scrolling&quot;:&quot;yes&quot;,&quot;motion_fx_blur_effect&quot;:&quot;yes&quot;,&quot;motion_fx_blur_level&quot;:{&quot;unit&quot;:&quot;px&quot;,&quot;size&quot;:15,&quot;sizes&quot;:[]},&quot;motion_fx_blur_range&quot;:{&quot;unit&quot;:&quot;%&quot;,&quot;size&quot;:&quot;&quot;,&quot;sizes&quot;:{&quot;start&quot;:18,&quot;end&quot;:88}},&quot;motion_fx_blur_direction&quot;:&quot;out-in&quot;,&quot;motion_fx_devices&quot;:[&quot;desktop&quot;,&quot;tablet&quot;,&quot;mobile&quot;]}\">\n\t\t\t\t\t<div class=\"e-con-inner\">\n\t\t\t\t\t<\/div>\n\t\t\t\t<\/div>\n\t\t\t\t<\/div>\n\t\t","protected":false},"excerpt":{"rendered":"<p>F\u00fcr aktive Nachbarn im sch\u00f6nsten Quartier von Winterthur Unser Aktivit\u00e4ten: Neujahrs-Ap\u00e9ro Freitag, 16.01.2026 19:00 bis 21.00 Uhr Generalversammlung Freitag, 19.06.2026 19:00 bis 21.00 Uhr Sommerfest Samstag, 22.08.2026 18:00 bis 21.00 Uhr T\u00f6rggelen Donnerstag, 01.10.2026 18:00 bis 21.00 Uhr Kerzenziehen Donnerstag, 13.11.2025 Ab 18.30 bis 21.00 Uhr Mittagstisch im Bloom Jeweils am letzten Mittwoch im Monat [&hellip;]<\/p>\n","protected":false},"author":1,"featured_media":0,"parent":0,"menu_order":0,"comment_status":"closed","ping_status":"closed","template":"","meta":{"inline_featured_image":false,"footnotes":""},"class_list":["post-57","page","type-page","status-publish","hentry"],"_links":{"self":[{"href":"https:\/\/dev2025.seidenstrasse-winterthur.ch\/index.php?rest_route=\/wp\/v2\/pages\/57","targetHints":{"allow":["GET"]}}],"collection":[{"href":"https:\/\/dev2025.seidenstrasse-winterthur.ch\/index.php?rest_route=\/wp\/v2\/pages"}],"about":[{"href":"https:\/\/dev2025.seidenstrasse-winterthur.ch\/index.php?rest_route=\/wp\/v2\/types\/page"}],"author":[{"embeddable":true,"href":"https:\/\/dev2025.seidenstrasse-winterthur.ch\/index.php?rest_route=\/wp\/v2\/users\/1"}],"replies":[{"embeddable":true,"href":"https:\/\/dev2025.seidenstrasse-winterthur.ch\/index.php?rest_route=%2Fwp%2Fv2%2Fcomments&post=57"}],"version-history":[{"count":506,"href":"https:\/\/dev2025.seidenstrasse-winterthur.ch\/index.php?rest_route=\/wp\/v2\/pages\/57\/revisions"}],"predecessor-version":[{"id":2831,"href":"https:\/\/dev2025.seidenstrasse-winterthur.ch\/index.php?rest_route=\/wp\/v2\/pages\/57\/revisions\/2831"}],"wp:attachment":[{"href":"https:\/\/dev2025.seidenstrasse-winterthur.ch\/index.php?rest_route=%2Fwp%2Fv2%2Fmedia&parent=57"}],"curies":[{"name":"wp","href":"https:\/\/api.w.org\/{rel}","templated":true}]}}