{"id":2770,"date":"2026-01-14T15:44:39","date_gmt":"2026-01-14T14:44:39","guid":{"rendered":"https:\/\/dev2025.seidenstrasse-winterthur.ch\/?page_id=2770"},"modified":"2026-01-14T15:45:13","modified_gmt":"2026-01-14T14:45:13","slug":"toerggelen-2023","status":"publish","type":"page","link":"https:\/\/dev2025.seidenstrasse-winterthur.ch\/?page_id=2770","title":{"rendered":"T\u00f6rggelen 2023"},"content":{"rendered":"\t\t<div data-elementor-type=\"wp-page\" data-elementor-id=\"2770\" class=\"elementor elementor-2770\" data-elementor-post-type=\"page\">\n\t\t\t\t<div class=\"elementor-element elementor-element-6b81ad4c e-flex e-con-boxed e-con e-parent\" data-id=\"6b81ad4c\" data-element_type=\"container\" data-settings=\"{&quot;background_background&quot;:&quot;classic&quot;}\">\n\t\t\t\t\t<div class=\"e-con-inner\">\n\t\t<div class=\"elementor-element elementor-element-41682efd e-con-full e-flex e-con e-child\" data-id=\"41682efd\" data-element_type=\"container\">\n\t\t\t\t<\/div>\n\t\t\t\t\t<\/div>\n\t\t\t\t<\/div>\n\t\t<div class=\"elementor-element elementor-element-12a5ebb1 e-flex e-con-boxed e-con e-parent\" data-id=\"12a5ebb1\" data-element_type=\"container\" data-settings=\"{&quot;background_background&quot;:&quot;classic&quot;,&quot;shape_divider_bottom&quot;:&quot;curve&quot;}\">\n\t\t\t\t\t<div class=\"e-con-inner\">\n\t\t\t\t<div class=\"elementor-shape elementor-shape-bottom\" aria-hidden=\"true\" data-negative=\"false\">\n\t\t\t<svg xmlns=\"http:\/\/www.w3.org\/2000\/svg\" viewBox=\"0 0 1000 100\" preserveAspectRatio=\"none\">\n    <path class=\"elementor-shape-fill\" d=\"M1000,4.3V0H0v4.3C0.9,23.1,126.7,99.2,500,100S1000,22.7,1000,4.3z\"\/>\n<\/svg>\t\t<\/div>\n\t\t\t\t\t<\/div>\n\t\t\t\t<\/div>\n\t\t<div class=\"elementor-element elementor-element-53d1fd4 e-flex e-con-boxed e-con e-parent\" data-id=\"53d1fd4\" data-element_type=\"container\" data-settings=\"{&quot;background_background&quot;:&quot;classic&quot;}\">\n\t\t\t\t\t<div class=\"e-con-inner\">\n\t\t<div class=\"elementor-element elementor-element-0b85d4b e-con-full e-flex e-con e-child\" data-id=\"0b85d4b\" data-element_type=\"container\" data-settings=\"{&quot;background_background&quot;:&quot;classic&quot;}\">\n\t\t\t\t<div class=\"elementor-element elementor-element-80b4707 elementor-widget elementor-widget-heading\" data-id=\"80b4707\" data-element_type=\"widget\" data-widget_type=\"heading.default\">\n\t\t\t\t\t<h2 class=\"elementor-heading-title elementor-size-default\">T\u00f6rggelen 2023<\/h2>\t\t\t\t<\/div>\n\t\t\t\t<div class=\"elementor-element elementor-element-c631389 elementor-widget elementor-widget-button\" data-id=\"c631389\" data-element_type=\"widget\" data-widget_type=\"button.default\">\n\t\t\t\t\t\t\t\t\t\t<a class=\"elementor-button elementor-button-link elementor-size-sm\" href=\"https:\/\/dev2025.seidenstrasse-winterthur.ch\/?page_id=529\">\n\t\t\t\t\t\t<span class=\"elementor-button-content-wrapper\">\n\t\t\t\t\t\t\t\t\t<span class=\"elementor-button-text\">Zur\u00fcck zur Galerie<\/span>\n\t\t\t\t\t<\/span>\n\t\t\t\t\t<\/a>\n\t\t\t\t\t\t\t\t<\/div>\n\t\t\t\t<\/div>\n\t\t\t\t\t<\/div>\n\t\t\t\t<\/div>\n\t\t<div class=\"elementor-element elementor-element-3e18d7b e-flex e-con-boxed e-con e-parent\" data-id=\"3e18d7b\" data-element_type=\"container\" data-settings=\"{&quot;background_background&quot;:&quot;classic&quot;}\">\n\t\t\t\t\t<div class=\"e-con-inner\">\n\t\t\t\t<div class=\"elementor-element elementor-element-7513462 elementor-widget elementor-widget-gallery\" data-id=\"7513462\" data-element_type=\"widget\" data-settings=\"{&quot;gallery_layout&quot;:&quot;masonry&quot;,&quot;gap&quot;:{&quot;unit&quot;:&quot;px&quot;,&quot;size&quot;:15,&quot;sizes&quot;:[]},&quot;gap_mobile&quot;:{&quot;unit&quot;:&quot;px&quot;,&quot;size&quot;:15,&quot;sizes&quot;:[]},&quot;lazyload&quot;:&quot;yes&quot;,&quot;columns&quot;:4,&quot;columns_tablet&quot;:2,&quot;columns_mobile&quot;:1,&quot;gap_tablet&quot;:{&quot;unit&quot;:&quot;px&quot;,&quot;size&quot;:10,&quot;sizes&quot;:[]},&quot;link_to&quot;:&quot;file&quot;,&quot;content_hover_animation&quot;:&quot;fade-in&quot;}\" data-widget_type=\"gallery.default\">\n\t\t\t\t\t\t\t<div class=\"elementor-gallery__container\">\n\t\t\t\t\t\t\t<a class=\"e-gallery-item elementor-gallery-item elementor-animated-content\" href=\"https:\/\/dev2025.seidenstrasse-winterthur.ch\/wp-content\/uploads\/2026\/01\/adfe9fa8-2000-42ee-860c-41a5913486d3.jpg\" data-elementor-open-lightbox=\"yes\" data-elementor-lightbox-slideshow=\"7513462\" data-elementor-lightbox-title=\"adfe9fa8-2000-42ee-860c-41a5913486d3\" data-e-action-hash=\"#elementor-action%3Aaction%3Dlightbox%26settings%3DeyJpZCI6Mjc2MywidXJsIjoiaHR0cHM6XC9cL2RldjIwMjUuc2VpZGVuc3RyYXNzZS13aW50ZXJ0aHVyLmNoXC93cC1jb250ZW50XC91cGxvYWRzXC8yMDI2XC8wMVwvYWRmZTlmYTgtMjAwMC00MmVlLTg2MGMtNDFhNTkxMzQ4NmQzLmpwZyIsInNsaWRlc2hvdyI6Ijc1MTM0NjIifQ%3D%3D\">\n\t\t\t\t\t<div class=\"e-gallery-image elementor-gallery-item__image\" data-thumbnail=\"https:\/\/dev2025.seidenstrasse-winterthur.ch\/wp-content\/uploads\/2026\/01\/adfe9fa8-2000-42ee-860c-41a5913486d3-768x1024.jpg\" data-width=\"768\" data-height=\"1024\" aria-label=\"\" role=\"img\" ><\/div>\n\t\t\t\t\t\t\t\t\t\t\t\t\t\t<\/a>\n\t\t\t\t\t\t\t<a class=\"e-gallery-item elementor-gallery-item elementor-animated-content\" href=\"https:\/\/dev2025.seidenstrasse-winterthur.ch\/wp-content\/uploads\/2026\/01\/77ec5a27-b310-4331-a09b-fc3d0a6bf013.jpg\" data-elementor-open-lightbox=\"yes\" data-elementor-lightbox-slideshow=\"7513462\" data-elementor-lightbox-title=\"77ec5a27-b310-4331-a09b-fc3d0a6bf013\" data-e-action-hash=\"#elementor-action%3Aaction%3Dlightbox%26settings%3DeyJpZCI6Mjc1OCwidXJsIjoiaHR0cHM6XC9cL2RldjIwMjUuc2VpZGVuc3RyYXNzZS13aW50ZXJ0aHVyLmNoXC93cC1jb250ZW50XC91cGxvYWRzXC8yMDI2XC8wMVwvNzdlYzVhMjctYjMxMC00MzMxLWEwOWItZmMzZDBhNmJmMDEzLmpwZyIsInNsaWRlc2hvdyI6Ijc1MTM0NjIifQ%3D%3D\">\n\t\t\t\t\t<div class=\"e-gallery-image elementor-gallery-item__image\" data-thumbnail=\"https:\/\/dev2025.seidenstrasse-winterthur.ch\/wp-content\/uploads\/2026\/01\/77ec5a27-b310-4331-a09b-fc3d0a6bf013-768x1024.jpg\" data-width=\"768\" data-height=\"1024\" aria-label=\"\" role=\"img\" ><\/div>\n\t\t\t\t\t\t\t\t\t\t\t\t\t\t<\/a>\n\t\t\t\t\t\t\t<a class=\"e-gallery-item elementor-gallery-item elementor-animated-content\" href=\"https:\/\/dev2025.seidenstrasse-winterthur.ch\/wp-content\/uploads\/2026\/01\/305b8433-850e-4638-b38a-0d492519bcd4.jpg\" data-elementor-open-lightbox=\"yes\" data-elementor-lightbox-slideshow=\"7513462\" data-elementor-lightbox-title=\"305b8433-850e-4638-b38a-0d492519bcd4\" data-e-action-hash=\"#elementor-action%3Aaction%3Dlightbox%26settings%3DeyJpZCI6Mjc2MSwidXJsIjoiaHR0cHM6XC9cL2RldjIwMjUuc2VpZGVuc3RyYXNzZS13aW50ZXJ0aHVyLmNoXC93cC1jb250ZW50XC91cGxvYWRzXC8yMDI2XC8wMVwvMzA1Yjg0MzMtODUwZS00NjM4LWIzOGEtMGQ0OTI1MTliY2Q0LmpwZyIsInNsaWRlc2hvdyI6Ijc1MTM0NjIifQ%3D%3D\">\n\t\t\t\t\t<div class=\"e-gallery-image elementor-gallery-item__image\" data-thumbnail=\"https:\/\/dev2025.seidenstrasse-winterthur.ch\/wp-content\/uploads\/2026\/01\/305b8433-850e-4638-b38a-0d492519bcd4-768x576.jpg\" data-width=\"768\" data-height=\"576\" aria-label=\"\" role=\"img\" ><\/div>\n\t\t\t\t\t\t\t\t\t\t\t\t\t\t<\/a>\n\t\t\t\t\t\t\t<a class=\"e-gallery-item elementor-gallery-item elementor-animated-content\" href=\"https:\/\/dev2025.seidenstrasse-winterthur.ch\/wp-content\/uploads\/2026\/01\/3a00e64c-ed92-48bc-9805-569f561001ab.jpg\" data-elementor-open-lightbox=\"yes\" data-elementor-lightbox-slideshow=\"7513462\" data-elementor-lightbox-title=\"3a00e64c-ed92-48bc-9805-569f561001ab\" data-e-action-hash=\"#elementor-action%3Aaction%3Dlightbox%26settings%3DeyJpZCI6Mjc1NywidXJsIjoiaHR0cHM6XC9cL2RldjIwMjUuc2VpZGVuc3RyYXNzZS13aW50ZXJ0aHVyLmNoXC93cC1jb250ZW50XC91cGxvYWRzXC8yMDI2XC8wMVwvM2EwMGU2NGMtZWQ5Mi00OGJjLTk4MDUtNTY5ZjU2MTAwMWFiLmpwZyIsInNsaWRlc2hvdyI6Ijc1MTM0NjIifQ%3D%3D\">\n\t\t\t\t\t<div class=\"e-gallery-image elementor-gallery-item__image\" data-thumbnail=\"https:\/\/dev2025.seidenstrasse-winterthur.ch\/wp-content\/uploads\/2026\/01\/3a00e64c-ed92-48bc-9805-569f561001ab-768x576.jpg\" data-width=\"768\" data-height=\"576\" aria-label=\"\" role=\"img\" ><\/div>\n\t\t\t\t\t\t\t\t\t\t\t\t\t\t<\/a>\n\t\t\t\t\t\t\t<a class=\"e-gallery-item elementor-gallery-item elementor-animated-content\" href=\"https:\/\/dev2025.seidenstrasse-winterthur.ch\/wp-content\/uploads\/2026\/01\/e60252c2-cac2-4656-bc09-e68d7624d864.jpg\" data-elementor-open-lightbox=\"yes\" data-elementor-lightbox-slideshow=\"7513462\" data-elementor-lightbox-title=\"e60252c2-cac2-4656-bc09-e68d7624d864\" data-e-action-hash=\"#elementor-action%3Aaction%3Dlightbox%26settings%3DeyJpZCI6Mjc2NSwidXJsIjoiaHR0cHM6XC9cL2RldjIwMjUuc2VpZGVuc3RyYXNzZS13aW50ZXJ0aHVyLmNoXC93cC1jb250ZW50XC91cGxvYWRzXC8yMDI2XC8wMVwvZTYwMjUyYzItY2FjMi00NjU2LWJjMDktZTY4ZDc2MjRkODY0LmpwZyIsInNsaWRlc2hvdyI6Ijc1MTM0NjIifQ%3D%3D\">\n\t\t\t\t\t<div class=\"e-gallery-image elementor-gallery-item__image\" data-thumbnail=\"https:\/\/dev2025.seidenstrasse-winterthur.ch\/wp-content\/uploads\/2026\/01\/e60252c2-cac2-4656-bc09-e68d7624d864-768x576.jpg\" data-width=\"768\" data-height=\"576\" aria-label=\"\" role=\"img\" ><\/div>\n\t\t\t\t\t\t\t\t\t\t\t\t\t\t<\/a>\n\t\t\t\t\t\t\t<a class=\"e-gallery-item elementor-gallery-item elementor-animated-content\" href=\"https:\/\/dev2025.seidenstrasse-winterthur.ch\/wp-content\/uploads\/2026\/01\/85c5f04c-0d50-4346-a15d-617e41846cb9.jpg\" data-elementor-open-lightbox=\"yes\" data-elementor-lightbox-slideshow=\"7513462\" data-elementor-lightbox-title=\"85c5f04c-0d50-4346-a15d-617e41846cb9\" data-e-action-hash=\"#elementor-action%3Aaction%3Dlightbox%26settings%3DeyJpZCI6Mjc1OSwidXJsIjoiaHR0cHM6XC9cL2RldjIwMjUuc2VpZGVuc3RyYXNzZS13aW50ZXJ0aHVyLmNoXC93cC1jb250ZW50XC91cGxvYWRzXC8yMDI2XC8wMVwvODVjNWYwNGMtMGQ1MC00MzQ2LWExNWQtNjE3ZTQxODQ2Y2I5LmpwZyIsInNsaWRlc2hvdyI6Ijc1MTM0NjIifQ%3D%3D\">\n\t\t\t\t\t<div class=\"e-gallery-image elementor-gallery-item__image\" data-thumbnail=\"https:\/\/dev2025.seidenstrasse-winterthur.ch\/wp-content\/uploads\/2026\/01\/85c5f04c-0d50-4346-a15d-617e41846cb9-768x576.jpg\" data-width=\"768\" data-height=\"576\" aria-label=\"\" role=\"img\" ><\/div>\n\t\t\t\t\t\t\t\t\t\t\t\t\t\t<\/a>\n\t\t\t\t\t\t\t<a class=\"e-gallery-item elementor-gallery-item elementor-animated-content\" href=\"https:\/\/dev2025.seidenstrasse-winterthur.ch\/wp-content\/uploads\/2026\/01\/0d98b44c-470a-4e1d-9520-4fa9127e5c80.jpg\" data-elementor-open-lightbox=\"yes\" data-elementor-lightbox-slideshow=\"7513462\" data-elementor-lightbox-title=\"0d98b44c-470a-4e1d-9520-4fa9127e5c80\" data-e-action-hash=\"#elementor-action%3Aaction%3Dlightbox%26settings%3DeyJpZCI6Mjc1NiwidXJsIjoiaHR0cHM6XC9cL2RldjIwMjUuc2VpZGVuc3RyYXNzZS13aW50ZXJ0aHVyLmNoXC93cC1jb250ZW50XC91cGxvYWRzXC8yMDI2XC8wMVwvMGQ5OGI0NGMtNDcwYS00ZTFkLTk1MjAtNGZhOTEyN2U1YzgwLmpwZyIsInNsaWRlc2hvdyI6Ijc1MTM0NjIifQ%3D%3D\">\n\t\t\t\t\t<div class=\"e-gallery-image elementor-gallery-item__image\" data-thumbnail=\"https:\/\/dev2025.seidenstrasse-winterthur.ch\/wp-content\/uploads\/2026\/01\/0d98b44c-470a-4e1d-9520-4fa9127e5c80-768x576.jpg\" data-width=\"768\" data-height=\"576\" aria-label=\"\" role=\"img\" ><\/div>\n\t\t\t\t\t\t\t\t\t\t\t\t\t\t<\/a>\n\t\t\t\t\t\t\t<a class=\"e-gallery-item elementor-gallery-item elementor-animated-content\" href=\"https:\/\/dev2025.seidenstrasse-winterthur.ch\/wp-content\/uploads\/2026\/01\/87ff4788-f4aa-49f9-a06c-d83879938ea0.jpg\" data-elementor-open-lightbox=\"yes\" data-elementor-lightbox-slideshow=\"7513462\" data-elementor-lightbox-title=\"87ff4788-f4aa-49f9-a06c-d83879938ea0\" data-e-action-hash=\"#elementor-action%3Aaction%3Dlightbox%26settings%3DeyJpZCI6Mjc2MCwidXJsIjoiaHR0cHM6XC9cL2RldjIwMjUuc2VpZGVuc3RyYXNzZS13aW50ZXJ0aHVyLmNoXC93cC1jb250ZW50XC91cGxvYWRzXC8yMDI2XC8wMVwvODdmZjQ3ODgtZjRhYS00OWY5LWEwNmMtZDgzODc5OTM4ZWEwLmpwZyIsInNsaWRlc2hvdyI6Ijc1MTM0NjIifQ%3D%3D\">\n\t\t\t\t\t<div class=\"e-gallery-image elementor-gallery-item__image\" data-thumbnail=\"https:\/\/dev2025.seidenstrasse-winterthur.ch\/wp-content\/uploads\/2026\/01\/87ff4788-f4aa-49f9-a06c-d83879938ea0-768x1024.jpg\" data-width=\"768\" data-height=\"1024\" aria-label=\"\" role=\"img\" ><\/div>\n\t\t\t\t\t\t\t\t\t\t\t\t\t\t<\/a>\n\t\t\t\t\t\t\t<a class=\"e-gallery-item elementor-gallery-item elementor-animated-content\" href=\"https:\/\/dev2025.seidenstrasse-winterthur.ch\/wp-content\/uploads\/2026\/01\/926008b0-0e33-491c-9d31-23d36095a488.jpg\" data-elementor-open-lightbox=\"yes\" data-elementor-lightbox-slideshow=\"7513462\" data-elementor-lightbox-title=\"926008b0-0e33-491c-9d31-23d36095a488\" data-e-action-hash=\"#elementor-action%3Aaction%3Dlightbox%26settings%3DeyJpZCI6Mjc2MiwidXJsIjoiaHR0cHM6XC9cL2RldjIwMjUuc2VpZGVuc3RyYXNzZS13aW50ZXJ0aHVyLmNoXC93cC1jb250ZW50XC91cGxvYWRzXC8yMDI2XC8wMVwvOTI2MDA4YjAtMGUzMy00OTFjLTlkMzEtMjNkMzYwOTVhNDg4LmpwZyIsInNsaWRlc2hvdyI6Ijc1MTM0NjIifQ%3D%3D\">\n\t\t\t\t\t<div class=\"e-gallery-image elementor-gallery-item__image\" data-thumbnail=\"https:\/\/dev2025.seidenstrasse-winterthur.ch\/wp-content\/uploads\/2026\/01\/926008b0-0e33-491c-9d31-23d36095a488-768x1024.jpg\" data-width=\"768\" data-height=\"1024\" aria-label=\"\" role=\"img\" ><\/div>\n\t\t\t\t\t\t\t\t\t\t\t\t\t\t<\/a>\n\t\t\t\t\t\t\t<a class=\"e-gallery-item elementor-gallery-item elementor-animated-content\" href=\"https:\/\/dev2025.seidenstrasse-winterthur.ch\/wp-content\/uploads\/2026\/01\/e7e60e93-58f8-49f8-86c7-b99167e847f1.jpg\" data-elementor-open-lightbox=\"yes\" data-elementor-lightbox-slideshow=\"7513462\" data-elementor-lightbox-title=\"e7e60e93-58f8-49f8-86c7-b99167e847f1\" data-e-action-hash=\"#elementor-action%3Aaction%3Dlightbox%26settings%3DeyJpZCI6Mjc2NCwidXJsIjoiaHR0cHM6XC9cL2RldjIwMjUuc2VpZGVuc3RyYXNzZS13aW50ZXJ0aHVyLmNoXC93cC1jb250ZW50XC91cGxvYWRzXC8yMDI2XC8wMVwvZTdlNjBlOTMtNThmOC00OWY4LTg2YzctYjk5MTY3ZTg0N2YxLmpwZyIsInNsaWRlc2hvdyI6Ijc1MTM0NjIifQ%3D%3D\">\n\t\t\t\t\t<div class=\"e-gallery-image elementor-gallery-item__image\" data-thumbnail=\"https:\/\/dev2025.seidenstrasse-winterthur.ch\/wp-content\/uploads\/2026\/01\/e7e60e93-58f8-49f8-86c7-b99167e847f1-768x576.jpg\" data-width=\"768\" data-height=\"576\" aria-label=\"\" role=\"img\" ><\/div>\n\t\t\t\t\t\t\t\t\t\t\t\t\t\t<\/a>\n\t\t\t\t\t<\/div>\n\t\t\t\t\t<\/div>\n\t\t\t\t\t<\/div>\n\t\t\t\t<\/div>\n\t\t<div class=\"elementor-element elementor-element-0ebd5f0 e-flex e-con-boxed e-con e-parent\" data-id=\"0ebd5f0\" data-element_type=\"container\" data-settings=\"{&quot;background_background&quot;:&quot;classic&quot;}\">\n\t\t\t\t\t<div class=\"e-con-inner\">\n\t\t<div class=\"elementor-element elementor-element-875d5a7 e-con-full e-flex e-con e-child\" data-id=\"875d5a7\" data-element_type=\"container\">\n\t\t\t\t<div class=\"elementor-element elementor-element-82b21e6 elementor-widget elementor-widget-heading\" data-id=\"82b21e6\" data-element_type=\"widget\" data-widget_type=\"heading.default\">\n\t\t\t\t\t<h2 class=\"elementor-heading-title elementor-size-default\">Lust bei den Aktivit\u00e4ten dabei zu sein?<\/h2>\t\t\t\t<\/div>\n\t\t\t\t<\/div>\n\t\t<div class=\"elementor-element elementor-element-cf4aae0 e-con-full e-flex e-con e-child\" data-id=\"cf4aae0\" data-element_type=\"container\">\n\t\t<div class=\"elementor-element elementor-element-24a6d9b e-con-full e-flex e-con e-child\" data-id=\"24a6d9b\" data-element_type=\"container\">\n\t\t\t\t<div class=\"elementor-element elementor-element-0ff02be elementor-widget elementor-widget-text-editor\" data-id=\"0ff02be\" data-element_type=\"widget\" data-widget_type=\"text-editor.default\">\n\t\t\t\t\t\t\t\t\t<p>Werde Mitglied<\/p>\t\t\t\t\t\t\t\t<\/div>\n\t\t\t\t<div class=\"elementor-element elementor-element-dbeafb2 elementor-widget elementor-widget-text-editor\" data-id=\"dbeafb2\" data-element_type=\"widget\" data-widget_type=\"text-editor.default\">\n\t\t\t\t\t\t\t\t\t<p><span style=\"white-space: pre-wrap;\">Weil Nachbarschaft mehr ist als nur nebeneinander wohnen.<\/span><\/p>\t\t\t\t\t\t\t\t<\/div>\n\t\t\t\t<div class=\"elementor-element elementor-element-f3054d3 elementor-widget elementor-widget-button\" data-id=\"f3054d3\" data-element_type=\"widget\" data-widget_type=\"button.default\">\n\t\t\t\t\t\t\t\t\t\t<a class=\"elementor-button elementor-button-link elementor-size-sm\" href=\"#\">\n\t\t\t\t\t\t<span class=\"elementor-button-content-wrapper\">\n\t\t\t\t\t\t\t\t\t<span class=\"elementor-button-text\">Hier anmelden<\/span>\n\t\t\t\t\t<\/span>\n\t\t\t\t\t<\/a>\n\t\t\t\t\t\t\t\t<\/div>\n\t\t\t\t<\/div>\n\t\t<div class=\"elementor-element elementor-element-088baa6 e-con-full e-flex e-con e-child\" data-id=\"088baa6\" data-element_type=\"container\">\n\t\t\t\t<div class=\"elementor-element elementor-element-898794e elementor-widget elementor-widget-heading\" data-id=\"898794e\" data-element_type=\"widget\" data-widget_type=\"heading.default\">\n\t\t\t\t\t<h2 class=\"elementor-heading-title elementor-size-default\">Wir freuen uns auf dich!<\/h2>\t\t\t\t<\/div>\n\t\t\t\t<\/div>\n\t\t\t\t<\/div>\n\t\t\t\t\t<\/div>\n\t\t\t\t<\/div>\n\t\t\t\t<\/div>\n\t\t","protected":false},"excerpt":{"rendered":"<p>T\u00f6rggelen 2023 Zur\u00fcck zur Galerie Lust bei den Aktivit\u00e4ten dabei zu sein? Werde Mitglied Weil Nachbarschaft mehr ist als nur nebeneinander wohnen. Hier anmelden Wir freuen uns auf dich!<\/p>\n","protected":false},"author":2,"featured_media":0,"parent":0,"menu_order":0,"comment_status":"closed","ping_status":"closed","template":"","meta":{"inline_featured_image":false,"footnotes":""},"class_list":["post-2770","page","type-page","status-publish","hentry"],"_links":{"self":[{"href":"https:\/\/dev2025.seidenstrasse-winterthur.ch\/index.php?rest_route=\/wp\/v2\/pages\/2770","targetHints":{"allow":["GET"]}}],"collection":[{"href":"https:\/\/dev2025.seidenstrasse-winterthur.ch\/index.php?rest_route=\/wp\/v2\/pages"}],"about":[{"href":"https:\/\/dev2025.seidenstrasse-winterthur.ch\/index.php?rest_route=\/wp\/v2\/types\/page"}],"author":[{"embeddable":true,"href":"https:\/\/dev2025.seidenstrasse-winterthur.ch\/index.php?rest_route=\/wp\/v2\/users\/2"}],"replies":[{"embeddable":true,"href":"https:\/\/dev2025.seidenstrasse-winterthur.ch\/index.php?rest_route=%2Fwp%2Fv2%2Fcomments&post=2770"}],"version-history":[{"count":4,"href":"https:\/\/dev2025.seidenstrasse-winterthur.ch\/index.php?rest_route=\/wp\/v2\/pages\/2770\/revisions"}],"predecessor-version":[{"id":2774,"href":"https:\/\/dev2025.seidenstrasse-winterthur.ch\/index.php?rest_route=\/wp\/v2\/pages\/2770\/revisions\/2774"}],"wp:attachment":[{"href":"https:\/\/dev2025.seidenstrasse-winterthur.ch\/index.php?rest_route=%2Fwp%2Fv2%2Fmedia&parent=2770"}],"curies":[{"name":"wp","href":"https:\/\/api.w.org\/{rel}","templated":true}]}}