{"id":2175,"date":"2026-01-07T21:33:01","date_gmt":"2026-01-07T20:33:01","guid":{"rendered":"https:\/\/dev2025.seidenstrasse-winterthur.ch\/?page_id=2175"},"modified":"2026-01-08T09:39:21","modified_gmt":"2026-01-08T08:39:21","slug":"raebeliechtliumzug-2024","status":"publish","type":"page","link":"https:\/\/dev2025.seidenstrasse-winterthur.ch\/?page_id=2175","title":{"rendered":"R\u00e4beliechtliumzug 2024"},"content":{"rendered":"\t\t<div data-elementor-type=\"wp-page\" data-elementor-id=\"2175\" class=\"elementor elementor-2175\" data-elementor-post-type=\"page\">\n\t\t\t\t<div class=\"elementor-element elementor-element-6b81ad4c e-flex e-con-boxed e-con e-parent\" data-id=\"6b81ad4c\" data-element_type=\"container\" data-settings=\"{&quot;background_background&quot;:&quot;classic&quot;}\">\n\t\t\t\t\t<div class=\"e-con-inner\">\n\t\t<div class=\"elementor-element elementor-element-41682efd e-con-full e-flex e-con e-child\" data-id=\"41682efd\" data-element_type=\"container\">\n\t\t\t\t<\/div>\n\t\t\t\t\t<\/div>\n\t\t\t\t<\/div>\n\t\t<div class=\"elementor-element elementor-element-12a5ebb1 e-flex e-con-boxed e-con e-parent\" data-id=\"12a5ebb1\" data-element_type=\"container\" data-settings=\"{&quot;background_background&quot;:&quot;classic&quot;,&quot;shape_divider_bottom&quot;:&quot;curve&quot;}\">\n\t\t\t\t\t<div class=\"e-con-inner\">\n\t\t\t\t<div class=\"elementor-shape elementor-shape-bottom\" aria-hidden=\"true\" data-negative=\"false\">\n\t\t\t<svg xmlns=\"http:\/\/www.w3.org\/2000\/svg\" viewBox=\"0 0 1000 100\" preserveAspectRatio=\"none\">\n    <path class=\"elementor-shape-fill\" d=\"M1000,4.3V0H0v4.3C0.9,23.1,126.7,99.2,500,100S1000,22.7,1000,4.3z\"\/>\n<\/svg>\t\t<\/div>\n\t\t\t\t\t<\/div>\n\t\t\t\t<\/div>\n\t\t<div class=\"elementor-element elementor-element-53d1fd4 e-flex e-con-boxed e-con e-parent\" data-id=\"53d1fd4\" data-element_type=\"container\" data-settings=\"{&quot;background_background&quot;:&quot;classic&quot;}\">\n\t\t\t\t\t<div class=\"e-con-inner\">\n\t\t<div class=\"elementor-element elementor-element-0b85d4b e-con-full e-flex e-con e-child\" data-id=\"0b85d4b\" data-element_type=\"container\" data-settings=\"{&quot;background_background&quot;:&quot;classic&quot;}\">\n\t\t\t\t<div class=\"elementor-element elementor-element-80b4707 elementor-widget elementor-widget-heading\" data-id=\"80b4707\" data-element_type=\"widget\" data-widget_type=\"heading.default\">\n\t\t\t\t\t<h2 class=\"elementor-heading-title elementor-size-default\">R\u00e4beliechtliumzug 2024<\/h2>\t\t\t\t<\/div>\n\t\t\t\t<div class=\"elementor-element elementor-element-c631389 elementor-widget elementor-widget-button\" data-id=\"c631389\" data-element_type=\"widget\" data-widget_type=\"button.default\">\n\t\t\t\t\t\t\t\t\t\t<a class=\"elementor-button elementor-button-link elementor-size-sm\" href=\"https:\/\/dev2025.seidenstrasse-winterthur.ch\/?page_id=529\">\n\t\t\t\t\t\t<span class=\"elementor-button-content-wrapper\">\n\t\t\t\t\t\t\t\t\t<span class=\"elementor-button-text\">Zur\u00fcck zur Galerie<\/span>\n\t\t\t\t\t<\/span>\n\t\t\t\t\t<\/a>\n\t\t\t\t\t\t\t\t<\/div>\n\t\t\t\t<\/div>\n\t\t\t\t\t<\/div>\n\t\t\t\t<\/div>\n\t\t<div class=\"elementor-element elementor-element-3e18d7b e-flex e-con-boxed e-con e-parent\" data-id=\"3e18d7b\" data-element_type=\"container\" data-settings=\"{&quot;background_background&quot;:&quot;classic&quot;}\">\n\t\t\t\t\t<div class=\"e-con-inner\">\n\t\t\t\t<div class=\"elementor-element elementor-element-7513462 elementor-widget elementor-widget-gallery\" data-id=\"7513462\" data-element_type=\"widget\" data-settings=\"{&quot;gallery_layout&quot;:&quot;masonry&quot;,&quot;gap&quot;:{&quot;unit&quot;:&quot;px&quot;,&quot;size&quot;:15,&quot;sizes&quot;:[]},&quot;gap_mobile&quot;:{&quot;unit&quot;:&quot;px&quot;,&quot;size&quot;:15,&quot;sizes&quot;:[]},&quot;lazyload&quot;:&quot;yes&quot;,&quot;columns&quot;:4,&quot;columns_tablet&quot;:2,&quot;columns_mobile&quot;:1,&quot;gap_tablet&quot;:{&quot;unit&quot;:&quot;px&quot;,&quot;size&quot;:10,&quot;sizes&quot;:[]},&quot;link_to&quot;:&quot;file&quot;,&quot;content_hover_animation&quot;:&quot;fade-in&quot;}\" data-widget_type=\"gallery.default\">\n\t\t\t\t\t\t\t<div class=\"elementor-gallery__container\">\n\t\t\t\t\t\t\t<a class=\"e-gallery-item elementor-gallery-item elementor-animated-content\" href=\"https:\/\/dev2025.seidenstrasse-winterthur.ch\/wp-content\/uploads\/2026\/01\/17a80683-5933-4fc2-a641-27f5d95f5ac1.jpg\" data-elementor-open-lightbox=\"yes\" data-elementor-lightbox-slideshow=\"7513462\" data-elementor-lightbox-title=\"17a80683-5933-4fc2-a641-27f5d95f5ac1\" data-e-action-hash=\"#elementor-action%3Aaction%3Dlightbox%26settings%3DeyJpZCI6MjE5MSwidXJsIjoiaHR0cHM6XC9cL2RldjIwMjUuc2VpZGVuc3RyYXNzZS13aW50ZXJ0aHVyLmNoXC93cC1jb250ZW50XC91cGxvYWRzXC8yMDI2XC8wMVwvMTdhODA2ODMtNTkzMy00ZmMyLWE2NDEtMjdmNWQ5NWY1YWMxLmpwZyIsInNsaWRlc2hvdyI6Ijc1MTM0NjIifQ%3D%3D\">\n\t\t\t\t\t<div class=\"e-gallery-image elementor-gallery-item__image\" data-thumbnail=\"https:\/\/dev2025.seidenstrasse-winterthur.ch\/wp-content\/uploads\/2026\/01\/17a80683-5933-4fc2-a641-27f5d95f5ac1-768x1024.jpg\" data-width=\"768\" data-height=\"1024\" aria-label=\"\" role=\"img\" ><\/div>\n\t\t\t\t\t\t\t\t\t\t\t\t\t\t<\/a>\n\t\t\t\t\t\t\t<a class=\"e-gallery-item elementor-gallery-item elementor-animated-content\" href=\"https:\/\/dev2025.seidenstrasse-winterthur.ch\/wp-content\/uploads\/2026\/01\/9bfbd988-5a9b-4489-bac4-b740f8f141fe.jpg\" data-elementor-open-lightbox=\"yes\" data-elementor-lightbox-slideshow=\"7513462\" data-elementor-lightbox-title=\"9bfbd988-5a9b-4489-bac4-b740f8f141fe\" data-e-action-hash=\"#elementor-action%3Aaction%3Dlightbox%26settings%3DeyJpZCI6MjE4MiwidXJsIjoiaHR0cHM6XC9cL2RldjIwMjUuc2VpZGVuc3RyYXNzZS13aW50ZXJ0aHVyLmNoXC93cC1jb250ZW50XC91cGxvYWRzXC8yMDI2XC8wMVwvOWJmYmQ5ODgtNWE5Yi00NDg5LWJhYzQtYjc0MGY4ZjE0MWZlLmpwZyIsInNsaWRlc2hvdyI6Ijc1MTM0NjIifQ%3D%3D\">\n\t\t\t\t\t<div class=\"e-gallery-image elementor-gallery-item__image\" data-thumbnail=\"https:\/\/dev2025.seidenstrasse-winterthur.ch\/wp-content\/uploads\/2026\/01\/9bfbd988-5a9b-4489-bac4-b740f8f141fe-768x512.jpg\" data-width=\"768\" data-height=\"512\" aria-label=\"\" role=\"img\" ><\/div>\n\t\t\t\t\t\t\t\t\t\t\t\t\t\t<\/a>\n\t\t\t\t\t\t\t<a class=\"e-gallery-item elementor-gallery-item elementor-animated-content\" href=\"https:\/\/dev2025.seidenstrasse-winterthur.ch\/wp-content\/uploads\/2026\/01\/07968a3f-d75a-48db-8544-290df31ea38c.jpg\" data-elementor-open-lightbox=\"yes\" data-elementor-lightbox-slideshow=\"7513462\" data-elementor-lightbox-title=\"07968a3f-d75a-48db-8544-290df31ea38c\" data-e-action-hash=\"#elementor-action%3Aaction%3Dlightbox%26settings%3DeyJpZCI6MjE3NywidXJsIjoiaHR0cHM6XC9cL2RldjIwMjUuc2VpZGVuc3RyYXNzZS13aW50ZXJ0aHVyLmNoXC93cC1jb250ZW50XC91cGxvYWRzXC8yMDI2XC8wMVwvMDc5NjhhM2YtZDc1YS00OGRiLTg1NDQtMjkwZGYzMWVhMzhjLmpwZyIsInNsaWRlc2hvdyI6Ijc1MTM0NjIifQ%3D%3D\">\n\t\t\t\t\t<div class=\"e-gallery-image elementor-gallery-item__image\" data-thumbnail=\"https:\/\/dev2025.seidenstrasse-winterthur.ch\/wp-content\/uploads\/2026\/01\/07968a3f-d75a-48db-8544-290df31ea38c-768x512.jpg\" data-width=\"768\" data-height=\"512\" aria-label=\"\" role=\"img\" ><\/div>\n\t\t\t\t\t\t\t\t\t\t\t\t\t\t<\/a>\n\t\t\t\t\t\t\t<a class=\"e-gallery-item elementor-gallery-item elementor-animated-content\" href=\"https:\/\/dev2025.seidenstrasse-winterthur.ch\/wp-content\/uploads\/2026\/01\/37beb59f-f4dd-4bc0-99fa-1696ea6151f1.jpg\" data-elementor-open-lightbox=\"yes\" data-elementor-lightbox-slideshow=\"7513462\" data-elementor-lightbox-title=\"37beb59f-f4dd-4bc0-99fa-1696ea6151f1\" data-e-action-hash=\"#elementor-action%3Aaction%3Dlightbox%26settings%3DeyJpZCI6MjE4MCwidXJsIjoiaHR0cHM6XC9cL2RldjIwMjUuc2VpZGVuc3RyYXNzZS13aW50ZXJ0aHVyLmNoXC93cC1jb250ZW50XC91cGxvYWRzXC8yMDI2XC8wMVwvMzdiZWI1OWYtZjRkZC00YmMwLTk5ZmEtMTY5NmVhNjE1MWYxLmpwZyIsInNsaWRlc2hvdyI6Ijc1MTM0NjIifQ%3D%3D\">\n\t\t\t\t\t<div class=\"e-gallery-image elementor-gallery-item__image\" data-thumbnail=\"https:\/\/dev2025.seidenstrasse-winterthur.ch\/wp-content\/uploads\/2026\/01\/37beb59f-f4dd-4bc0-99fa-1696ea6151f1-768x512.jpg\" data-width=\"768\" data-height=\"512\" aria-label=\"\" role=\"img\" ><\/div>\n\t\t\t\t\t\t\t\t\t\t\t\t\t\t<\/a>\n\t\t\t\t\t\t\t<a class=\"e-gallery-item elementor-gallery-item elementor-animated-content\" href=\"https:\/\/dev2025.seidenstrasse-winterthur.ch\/wp-content\/uploads\/2026\/01\/8af9aa33-9c95-4511-ab25-c7a7e2456f3f-1.jpg\" data-elementor-open-lightbox=\"yes\" data-elementor-lightbox-slideshow=\"7513462\" data-elementor-lightbox-title=\"8af9aa33-9c95-4511-ab25-c7a7e2456f3f-1\" data-e-action-hash=\"#elementor-action%3Aaction%3Dlightbox%26settings%3DeyJpZCI6MjE4OCwidXJsIjoiaHR0cHM6XC9cL2RldjIwMjUuc2VpZGVuc3RyYXNzZS13aW50ZXJ0aHVyLmNoXC93cC1jb250ZW50XC91cGxvYWRzXC8yMDI2XC8wMVwvOGFmOWFhMzMtOWM5NS00NTExLWFiMjUtYzdhN2UyNDU2ZjNmLTEuanBnIiwic2xpZGVzaG93IjoiNzUxMzQ2MiJ9\">\n\t\t\t\t\t<div class=\"e-gallery-image elementor-gallery-item__image\" data-thumbnail=\"https:\/\/dev2025.seidenstrasse-winterthur.ch\/wp-content\/uploads\/2026\/01\/8af9aa33-9c95-4511-ab25-c7a7e2456f3f-1-768x576.jpg\" data-width=\"768\" data-height=\"576\" aria-label=\"\" role=\"img\" ><\/div>\n\t\t\t\t\t\t\t\t\t\t\t\t\t\t<\/a>\n\t\t\t\t\t\t\t<a class=\"e-gallery-item elementor-gallery-item elementor-animated-content\" href=\"https:\/\/dev2025.seidenstrasse-winterthur.ch\/wp-content\/uploads\/2026\/01\/40436fb6-4b53-4286-8b94-8182b7b167eb.jpg\" data-elementor-open-lightbox=\"yes\" data-elementor-lightbox-slideshow=\"7513462\" data-elementor-lightbox-title=\"40436fb6-4b53-4286-8b94-8182b7b167eb\" data-e-action-hash=\"#elementor-action%3Aaction%3Dlightbox%26settings%3DeyJpZCI6MjE4NCwidXJsIjoiaHR0cHM6XC9cL2RldjIwMjUuc2VpZGVuc3RyYXNzZS13aW50ZXJ0aHVyLmNoXC93cC1jb250ZW50XC91cGxvYWRzXC8yMDI2XC8wMVwvNDA0MzZmYjYtNGI1My00Mjg2LThiOTQtODE4MmI3YjE2N2ViLmpwZyIsInNsaWRlc2hvdyI6Ijc1MTM0NjIifQ%3D%3D\">\n\t\t\t\t\t<div class=\"e-gallery-image elementor-gallery-item__image\" data-thumbnail=\"https:\/\/dev2025.seidenstrasse-winterthur.ch\/wp-content\/uploads\/2026\/01\/40436fb6-4b53-4286-8b94-8182b7b167eb-768x512.jpg\" data-width=\"768\" data-height=\"512\" aria-label=\"\" role=\"img\" ><\/div>\n\t\t\t\t\t\t\t\t\t\t\t\t\t\t<\/a>\n\t\t\t\t\t\t\t<a class=\"e-gallery-item elementor-gallery-item elementor-animated-content\" href=\"https:\/\/dev2025.seidenstrasse-winterthur.ch\/wp-content\/uploads\/2026\/01\/8b29a414-612e-4306-828c-e5d4cc3e43c6.jpg\" data-elementor-open-lightbox=\"yes\" data-elementor-lightbox-slideshow=\"7513462\" data-elementor-lightbox-title=\"8b29a414-612e-4306-828c-e5d4cc3e43c6\" data-e-action-hash=\"#elementor-action%3Aaction%3Dlightbox%26settings%3DeyJpZCI6MjE5MywidXJsIjoiaHR0cHM6XC9cL2RldjIwMjUuc2VpZGVuc3RyYXNzZS13aW50ZXJ0aHVyLmNoXC93cC1jb250ZW50XC91cGxvYWRzXC8yMDI2XC8wMVwvOGIyOWE0MTQtNjEyZS00MzA2LTgyOGMtZTVkNGNjM2U0M2M2LmpwZyIsInNsaWRlc2hvdyI6Ijc1MTM0NjIifQ%3D%3D\">\n\t\t\t\t\t<div class=\"e-gallery-image elementor-gallery-item__image\" data-thumbnail=\"https:\/\/dev2025.seidenstrasse-winterthur.ch\/wp-content\/uploads\/2026\/01\/8b29a414-612e-4306-828c-e5d4cc3e43c6-768x1152.jpg\" data-width=\"768\" data-height=\"1152\" aria-label=\"\" role=\"img\" ><\/div>\n\t\t\t\t\t\t\t\t\t\t\t\t\t\t<\/a>\n\t\t\t\t\t\t\t<a class=\"e-gallery-item elementor-gallery-item elementor-animated-content\" href=\"https:\/\/dev2025.seidenstrasse-winterthur.ch\/wp-content\/uploads\/2026\/01\/6ccc4477-e79c-440f-a8b2-321df5c506d8.jpg\" data-elementor-open-lightbox=\"yes\" data-elementor-lightbox-slideshow=\"7513462\" data-elementor-lightbox-title=\"6ccc4477-e79c-440f-a8b2-321df5c506d8\" data-e-action-hash=\"#elementor-action%3Aaction%3Dlightbox%26settings%3DeyJpZCI6MjE4NywidXJsIjoiaHR0cHM6XC9cL2RldjIwMjUuc2VpZGVuc3RyYXNzZS13aW50ZXJ0aHVyLmNoXC93cC1jb250ZW50XC91cGxvYWRzXC8yMDI2XC8wMVwvNmNjYzQ0NzctZTc5Yy00NDBmLWE4YjItMzIxZGY1YzUwNmQ4LmpwZyIsInNsaWRlc2hvdyI6Ijc1MTM0NjIifQ%3D%3D\">\n\t\t\t\t\t<div class=\"e-gallery-image elementor-gallery-item__image\" data-thumbnail=\"https:\/\/dev2025.seidenstrasse-winterthur.ch\/wp-content\/uploads\/2026\/01\/6ccc4477-e79c-440f-a8b2-321df5c506d8-768x1024.jpg\" data-width=\"768\" data-height=\"1024\" aria-label=\"\" role=\"img\" ><\/div>\n\t\t\t\t\t\t\t\t\t\t\t\t\t\t<\/a>\n\t\t\t\t\t\t\t<a class=\"e-gallery-item elementor-gallery-item elementor-animated-content\" href=\"https:\/\/dev2025.seidenstrasse-winterthur.ch\/wp-content\/uploads\/2026\/01\/a6cb4c1a-121c-4c31-96fa-059c3a8428b8.jpg\" data-elementor-open-lightbox=\"yes\" data-elementor-lightbox-slideshow=\"7513462\" data-elementor-lightbox-title=\"a6cb4c1a-121c-4c31-96fa-059c3a8428b8\" data-e-action-hash=\"#elementor-action%3Aaction%3Dlightbox%26settings%3DeyJpZCI6MjE4NSwidXJsIjoiaHR0cHM6XC9cL2RldjIwMjUuc2VpZGVuc3RyYXNzZS13aW50ZXJ0aHVyLmNoXC93cC1jb250ZW50XC91cGxvYWRzXC8yMDI2XC8wMVwvYTZjYjRjMWEtMTIxYy00YzMxLTk2ZmEtMDU5YzNhODQyOGI4LmpwZyIsInNsaWRlc2hvdyI6Ijc1MTM0NjIifQ%3D%3D\">\n\t\t\t\t\t<div class=\"e-gallery-image elementor-gallery-item__image\" data-thumbnail=\"https:\/\/dev2025.seidenstrasse-winterthur.ch\/wp-content\/uploads\/2026\/01\/a6cb4c1a-121c-4c31-96fa-059c3a8428b8-768x1024.jpg\" data-width=\"768\" data-height=\"1024\" aria-label=\"\" role=\"img\" ><\/div>\n\t\t\t\t\t\t\t\t\t\t\t\t\t\t<\/a>\n\t\t\t\t\t\t\t<a class=\"e-gallery-item elementor-gallery-item elementor-animated-content\" href=\"https:\/\/dev2025.seidenstrasse-winterthur.ch\/wp-content\/uploads\/2026\/01\/922ba04c-d606-44cd-ac97-e5928617d8c6.jpg\" data-elementor-open-lightbox=\"yes\" data-elementor-lightbox-slideshow=\"7513462\" data-elementor-lightbox-title=\"922ba04c-d606-44cd-ac97-e5928617d8c6\" data-e-action-hash=\"#elementor-action%3Aaction%3Dlightbox%26settings%3DeyJpZCI6MjE3OCwidXJsIjoiaHR0cHM6XC9cL2RldjIwMjUuc2VpZGVuc3RyYXNzZS13aW50ZXJ0aHVyLmNoXC93cC1jb250ZW50XC91cGxvYWRzXC8yMDI2XC8wMVwvOTIyYmEwNGMtZDYwNi00NGNkLWFjOTctZTU5Mjg2MTdkOGM2LmpwZyIsInNsaWRlc2hvdyI6Ijc1MTM0NjIifQ%3D%3D\">\n\t\t\t\t\t<div class=\"e-gallery-image elementor-gallery-item__image\" data-thumbnail=\"https:\/\/dev2025.seidenstrasse-winterthur.ch\/wp-content\/uploads\/2026\/01\/922ba04c-d606-44cd-ac97-e5928617d8c6-768x512.jpg\" data-width=\"768\" data-height=\"512\" aria-label=\"\" role=\"img\" ><\/div>\n\t\t\t\t\t\t\t\t\t\t\t\t\t\t<\/a>\n\t\t\t\t\t\t\t<a class=\"e-gallery-item elementor-gallery-item elementor-animated-content\" href=\"https:\/\/dev2025.seidenstrasse-winterthur.ch\/wp-content\/uploads\/2026\/01\/908bc710-f187-45be-af32-762b9bcb62f7.jpg\" data-elementor-open-lightbox=\"yes\" data-elementor-lightbox-slideshow=\"7513462\" data-elementor-lightbox-title=\"908bc710-f187-45be-af32-762b9bcb62f7\" data-e-action-hash=\"#elementor-action%3Aaction%3Dlightbox%26settings%3DeyJpZCI6MjE5MiwidXJsIjoiaHR0cHM6XC9cL2RldjIwMjUuc2VpZGVuc3RyYXNzZS13aW50ZXJ0aHVyLmNoXC93cC1jb250ZW50XC91cGxvYWRzXC8yMDI2XC8wMVwvOTA4YmM3MTAtZjE4Ny00NWJlLWFmMzItNzYyYjliY2I2MmY3LmpwZyIsInNsaWRlc2hvdyI6Ijc1MTM0NjIifQ%3D%3D\">\n\t\t\t\t\t<div class=\"e-gallery-image elementor-gallery-item__image\" data-thumbnail=\"https:\/\/dev2025.seidenstrasse-winterthur.ch\/wp-content\/uploads\/2026\/01\/908bc710-f187-45be-af32-762b9bcb62f7-768x1024.jpg\" data-width=\"768\" data-height=\"1024\" aria-label=\"\" role=\"img\" ><\/div>\n\t\t\t\t\t\t\t\t\t\t\t\t\t\t<\/a>\n\t\t\t\t\t\t\t<a class=\"e-gallery-item elementor-gallery-item elementor-animated-content\" href=\"https:\/\/dev2025.seidenstrasse-winterthur.ch\/wp-content\/uploads\/2026\/01\/a710bf27-4bb2-4475-85b7-6d4690c0d3b7.jpg\" data-elementor-open-lightbox=\"yes\" data-elementor-lightbox-slideshow=\"7513462\" data-elementor-lightbox-title=\"a710bf27-4bb2-4475-85b7-6d4690c0d3b7\" data-e-action-hash=\"#elementor-action%3Aaction%3Dlightbox%26settings%3DeyJpZCI6MjE4MSwidXJsIjoiaHR0cHM6XC9cL2RldjIwMjUuc2VpZGVuc3RyYXNzZS13aW50ZXJ0aHVyLmNoXC93cC1jb250ZW50XC91cGxvYWRzXC8yMDI2XC8wMVwvYTcxMGJmMjctNGJiMi00NDc1LTg1YjctNmQ0NjkwYzBkM2I3LmpwZyIsInNsaWRlc2hvdyI6Ijc1MTM0NjIifQ%3D%3D\">\n\t\t\t\t\t<div class=\"e-gallery-image elementor-gallery-item__image\" data-thumbnail=\"https:\/\/dev2025.seidenstrasse-winterthur.ch\/wp-content\/uploads\/2026\/01\/a710bf27-4bb2-4475-85b7-6d4690c0d3b7-768x512.jpg\" data-width=\"768\" data-height=\"512\" aria-label=\"\" role=\"img\" ><\/div>\n\t\t\t\t\t\t\t\t\t\t\t\t\t\t<\/a>\n\t\t\t\t\t\t\t<a class=\"e-gallery-item elementor-gallery-item elementor-animated-content\" href=\"https:\/\/dev2025.seidenstrasse-winterthur.ch\/wp-content\/uploads\/2026\/01\/8c7ef4b7-965f-4393-a3a7-097e553cfdd2.jpg\" data-elementor-open-lightbox=\"yes\" data-elementor-lightbox-slideshow=\"7513462\" data-elementor-lightbox-title=\"8c7ef4b7-965f-4393-a3a7-097e553cfdd2\" data-e-action-hash=\"#elementor-action%3Aaction%3Dlightbox%26settings%3DeyJpZCI6MjE4OSwidXJsIjoiaHR0cHM6XC9cL2RldjIwMjUuc2VpZGVuc3RyYXNzZS13aW50ZXJ0aHVyLmNoXC93cC1jb250ZW50XC91cGxvYWRzXC8yMDI2XC8wMVwvOGM3ZWY0YjctOTY1Zi00MzkzLWEzYTctMDk3ZTU1M2NmZGQyLmpwZyIsInNsaWRlc2hvdyI6Ijc1MTM0NjIifQ%3D%3D\">\n\t\t\t\t\t<div class=\"e-gallery-image elementor-gallery-item__image\" data-thumbnail=\"https:\/\/dev2025.seidenstrasse-winterthur.ch\/wp-content\/uploads\/2026\/01\/8c7ef4b7-965f-4393-a3a7-097e553cfdd2-768x1024.jpg\" data-width=\"768\" data-height=\"1024\" aria-label=\"\" role=\"img\" ><\/div>\n\t\t\t\t\t\t\t\t\t\t\t\t\t\t<\/a>\n\t\t\t\t\t\t\t<a class=\"e-gallery-item elementor-gallery-item elementor-animated-content\" href=\"https:\/\/dev2025.seidenstrasse-winterthur.ch\/wp-content\/uploads\/2026\/01\/e3f219a5-8b17-4f56-9e2b-4a39fb4500f3.jpg\" data-elementor-open-lightbox=\"yes\" data-elementor-lightbox-slideshow=\"7513462\" data-elementor-lightbox-title=\"e3f219a5-8b17-4f56-9e2b-4a39fb4500f3\" data-e-action-hash=\"#elementor-action%3Aaction%3Dlightbox%26settings%3DeyJpZCI6MjE5MCwidXJsIjoiaHR0cHM6XC9cL2RldjIwMjUuc2VpZGVuc3RyYXNzZS13aW50ZXJ0aHVyLmNoXC93cC1jb250ZW50XC91cGxvYWRzXC8yMDI2XC8wMVwvZTNmMjE5YTUtOGIxNy00ZjU2LTllMmItNGEzOWZiNDUwMGYzLmpwZyIsInNsaWRlc2hvdyI6Ijc1MTM0NjIifQ%3D%3D\">\n\t\t\t\t\t<div class=\"e-gallery-image elementor-gallery-item__image\" data-thumbnail=\"https:\/\/dev2025.seidenstrasse-winterthur.ch\/wp-content\/uploads\/2026\/01\/e3f219a5-8b17-4f56-9e2b-4a39fb4500f3-768x1024.jpg\" data-width=\"768\" data-height=\"1024\" aria-label=\"\" role=\"img\" ><\/div>\n\t\t\t\t\t\t\t\t\t\t\t\t\t\t<\/a>\n\t\t\t\t\t\t\t<a class=\"e-gallery-item elementor-gallery-item elementor-animated-content\" href=\"https:\/\/dev2025.seidenstrasse-winterthur.ch\/wp-content\/uploads\/2026\/01\/6416fb1b-a002-4d18-bf6d-01b153bf275b.jpg\" data-elementor-open-lightbox=\"yes\" data-elementor-lightbox-slideshow=\"7513462\" data-elementor-lightbox-title=\"6416fb1b-a002-4d18-bf6d-01b153bf275b\" data-e-action-hash=\"#elementor-action%3Aaction%3Dlightbox%26settings%3DeyJpZCI6MjE4MywidXJsIjoiaHR0cHM6XC9cL2RldjIwMjUuc2VpZGVuc3RyYXNzZS13aW50ZXJ0aHVyLmNoXC93cC1jb250ZW50XC91cGxvYWRzXC8yMDI2XC8wMVwvNjQxNmZiMWItYTAwMi00ZDE4LWJmNmQtMDFiMTUzYmYyNzViLmpwZyIsInNsaWRlc2hvdyI6Ijc1MTM0NjIifQ%3D%3D\">\n\t\t\t\t\t<div class=\"e-gallery-image elementor-gallery-item__image\" data-thumbnail=\"https:\/\/dev2025.seidenstrasse-winterthur.ch\/wp-content\/uploads\/2026\/01\/6416fb1b-a002-4d18-bf6d-01b153bf275b-768x576.jpg\" data-width=\"768\" data-height=\"576\" aria-label=\"\" role=\"img\" ><\/div>\n\t\t\t\t\t\t\t\t\t\t\t\t\t\t<\/a>\n\t\t\t\t\t<\/div>\n\t\t\t\t\t<\/div>\n\t\t\t\t\t<\/div>\n\t\t\t\t<\/div>\n\t\t<div class=\"elementor-element elementor-element-0ebd5f0 e-flex e-con-boxed e-con e-parent\" data-id=\"0ebd5f0\" data-element_type=\"container\" data-settings=\"{&quot;background_background&quot;:&quot;classic&quot;}\">\n\t\t\t\t\t<div class=\"e-con-inner\">\n\t\t<div class=\"elementor-element elementor-element-875d5a7 e-con-full e-flex e-con e-child\" data-id=\"875d5a7\" data-element_type=\"container\">\n\t\t\t\t<div class=\"elementor-element elementor-element-82b21e6 elementor-widget elementor-widget-heading\" data-id=\"82b21e6\" data-element_type=\"widget\" data-widget_type=\"heading.default\">\n\t\t\t\t\t<h2 class=\"elementor-heading-title elementor-size-default\">Lust bei den Aktivit\u00e4ten dabei zu sein?<\/h2>\t\t\t\t<\/div>\n\t\t\t\t<\/div>\n\t\t<div class=\"elementor-element elementor-element-cf4aae0 e-con-full e-flex e-con e-child\" data-id=\"cf4aae0\" data-element_type=\"container\">\n\t\t<div class=\"elementor-element elementor-element-24a6d9b e-con-full e-flex e-con e-child\" data-id=\"24a6d9b\" data-element_type=\"container\">\n\t\t\t\t<div class=\"elementor-element elementor-element-0ff02be elementor-widget elementor-widget-text-editor\" data-id=\"0ff02be\" data-element_type=\"widget\" data-widget_type=\"text-editor.default\">\n\t\t\t\t\t\t\t\t\t<p>Werde Mitglied<\/p>\t\t\t\t\t\t\t\t<\/div>\n\t\t\t\t<div class=\"elementor-element elementor-element-dbeafb2 elementor-widget elementor-widget-text-editor\" data-id=\"dbeafb2\" data-element_type=\"widget\" data-widget_type=\"text-editor.default\">\n\t\t\t\t\t\t\t\t\t<p><span style=\"white-space: pre-wrap;\">Weil Nachbarschaft mehr ist als nur nebeneinander wohnen.<\/span><\/p>\t\t\t\t\t\t\t\t<\/div>\n\t\t\t\t<div class=\"elementor-element elementor-element-f3054d3 elementor-widget elementor-widget-button\" data-id=\"f3054d3\" data-element_type=\"widget\" data-widget_type=\"button.default\">\n\t\t\t\t\t\t\t\t\t\t<a class=\"elementor-button elementor-button-link elementor-size-sm\" href=\"#\">\n\t\t\t\t\t\t<span class=\"elementor-button-content-wrapper\">\n\t\t\t\t\t\t\t\t\t<span class=\"elementor-button-text\">Hier anmelden<\/span>\n\t\t\t\t\t<\/span>\n\t\t\t\t\t<\/a>\n\t\t\t\t\t\t\t\t<\/div>\n\t\t\t\t<\/div>\n\t\t<div class=\"elementor-element elementor-element-088baa6 e-con-full e-flex e-con e-child\" data-id=\"088baa6\" data-element_type=\"container\">\n\t\t\t\t<div class=\"elementor-element elementor-element-898794e elementor-widget elementor-widget-heading\" data-id=\"898794e\" data-element_type=\"widget\" data-widget_type=\"heading.default\">\n\t\t\t\t\t<h2 class=\"elementor-heading-title elementor-size-default\">Wir freuen uns auf dich!<\/h2>\t\t\t\t<\/div>\n\t\t\t\t<\/div>\n\t\t\t\t<\/div>\n\t\t\t\t\t<\/div>\n\t\t\t\t<\/div>\n\t\t\t\t<\/div>\n\t\t","protected":false},"excerpt":{"rendered":"<p>R\u00e4beliechtliumzug 2024 Zur\u00fcck zur Galerie Lust bei den Aktivit\u00e4ten dabei zu sein? Werde Mitglied Weil Nachbarschaft mehr ist als nur nebeneinander wohnen. Hier anmelden Wir freuen uns auf dich!<\/p>\n","protected":false},"author":2,"featured_media":0,"parent":0,"menu_order":0,"comment_status":"closed","ping_status":"closed","template":"","meta":{"inline_featured_image":false,"footnotes":""},"class_list":["post-2175","page","type-page","status-publish","hentry"],"_links":{"self":[{"href":"https:\/\/dev2025.seidenstrasse-winterthur.ch\/index.php?rest_route=\/wp\/v2\/pages\/2175","targetHints":{"allow":["GET"]}}],"collection":[{"href":"https:\/\/dev2025.seidenstrasse-winterthur.ch\/index.php?rest_route=\/wp\/v2\/pages"}],"about":[{"href":"https:\/\/dev2025.seidenstrasse-winterthur.ch\/index.php?rest_route=\/wp\/v2\/types\/page"}],"author":[{"embeddable":true,"href":"https:\/\/dev2025.seidenstrasse-winterthur.ch\/index.php?rest_route=\/wp\/v2\/users\/2"}],"replies":[{"embeddable":true,"href":"https:\/\/dev2025.seidenstrasse-winterthur.ch\/index.php?rest_route=%2Fwp%2Fv2%2Fcomments&post=2175"}],"version-history":[{"count":7,"href":"https:\/\/dev2025.seidenstrasse-winterthur.ch\/index.php?rest_route=\/wp\/v2\/pages\/2175\/revisions"}],"predecessor-version":[{"id":2307,"href":"https:\/\/dev2025.seidenstrasse-winterthur.ch\/index.php?rest_route=\/wp\/v2\/pages\/2175\/revisions\/2307"}],"wp:attachment":[{"href":"https:\/\/dev2025.seidenstrasse-winterthur.ch\/index.php?rest_route=%2Fwp%2Fv2%2Fmedia&parent=2175"}],"curies":[{"name":"wp","href":"https:\/\/api.w.org\/{rel}","templated":true}]}}